{"id":1189,"date":"2025-01-20T13:57:18","date_gmt":"2025-01-20T16:57:18","guid":{"rendered":"https:\/\/www.epamig.br\/hortpanc\/?page_id=1189"},"modified":"2025-04-01T10:54:33","modified_gmt":"2025-04-01T13:54:33","slug":"galeria-de-imagens","status":"publish","type":"page","link":"https:\/\/www.epamig.br\/hortpanc\/galeria-de-imagens\/","title":{"rendered":"Galeria de imagens"},"content":{"rendered":"\t\t<div data-elementor-type=\"wp-page\" data-elementor-id=\"1189\" class=\"elementor elementor-1189\" data-elementor-settings=\"{&quot;ha_cmc_init_switcher&quot;:&quot;no&quot;}\" data-elementor-post-type=\"page\">\n\t\t\t\t<div class=\"elementor-element elementor-element-e9585e7 e-flex e-con-boxed e-con e-parent\" data-id=\"e9585e7\" data-element_type=\"container\" data-e-type=\"container\" data-settings=\"{&quot;jet_parallax_layout_list&quot;:[],&quot;_ha_eqh_enable&quot;:false}\">\n\t\t\t\t\t<div class=\"e-con-inner\">\n\t\t\t\t<div class=\"elementor-element elementor-element-a4f478c elementor-widget__width-initial elementor-widget elementor-widget-jet-button\" data-id=\"a4f478c\" data-element_type=\"widget\" data-e-type=\"widget\" data-widget_type=\"jet-button.default\">\n\t\t\t\t<div class=\"elementor-widget-container\">\n\t\t\t\t\t<div class=\"elementor-jet-button jet-elements\"><div class=\"jet-button__container\">\n\t<a class=\"jet-button__instance jet-button__instance--icon-left hover-effect-1\" href=\"https:\/\/www.epamig.br\/hortpanc\/#galeria_panc\">\n\t\t<div class=\"jet-button__plane jet-button__plane-normal\"><\/div>\n\t\t<div class=\"jet-button__plane jet-button__plane-hover\"><\/div>\n\t\t<div class=\"jet-button__state jet-button__state-normal\">\n\t\t\t<span class=\"jet-button__label\">Voltar<\/span>\t\t<\/div>\n\t\t<div class=\"jet-button__state jet-button__state-hover\">\n\t\t\t<span class=\"jet-button__label\">Voltar<\/span>\t\t<\/div>\n\t<\/a>\n<\/div>\n<\/div>\t\t\t\t<\/div>\n\t\t\t\t<\/div>\n\t\t\t\t<div class=\"elementor-element elementor-element-8b4d3cd elementor-widget__width-inherit elementor-widget elementor-widget-gallery\" data-id=\"8b4d3cd\" data-element_type=\"widget\" data-e-type=\"widget\" data-settings=\"{&quot;overlay_description&quot;:&quot;caption&quot;,&quot;image_hover_animation&quot;:&quot;shrink-contained&quot;,&quot;gallery_layout&quot;:&quot;masonry&quot;,&quot;lazyload&quot;:&quot;yes&quot;,&quot;columns&quot;:4,&quot;columns_tablet&quot;:2,&quot;columns_mobile&quot;:1,&quot;gap&quot;:{&quot;unit&quot;:&quot;px&quot;,&quot;size&quot;:10,&quot;sizes&quot;:[]},&quot;gap_tablet&quot;:{&quot;unit&quot;:&quot;px&quot;,&quot;size&quot;:10,&quot;sizes&quot;:[]},&quot;gap_mobile&quot;:{&quot;unit&quot;:&quot;px&quot;,&quot;size&quot;:10,&quot;sizes&quot;:[]},&quot;link_to&quot;:&quot;file&quot;,&quot;overlay_background&quot;:&quot;yes&quot;,&quot;content_hover_animation&quot;:&quot;fade-in&quot;}\" data-widget_type=\"gallery.default\">\n\t\t\t\t\t\t\t<div class=\"elementor-gallery__container\">\n\t\t\t\t\t\t\t<a class=\"e-gallery-item elementor-gallery-item elementor-animated-content\" href=\"https:\/\/www.epamig.br\/hortpanc\/wp-content\/uploads\/2025\/01\/taioba_panc1.png\" data-elementor-open-lightbox=\"yes\" data-elementor-lightbox-slideshow=\"8b4d3cd\" data-elementor-lightbox-description=\"Taioba\nXanthosoma sagittifolium (L.) Schott\nFam\u00edlia Araceae\" data-e-action-hash=\"#elementor-action%3Aaction%3Dlightbox%26settings%3DeyJpZCI6MTY5OSwidXJsIjoiaHR0cHM6XC9cL3d3dy5lcGFtaWcuYnJcL2hvcnRwYW5jXC93cC1jb250ZW50XC91cGxvYWRzXC8yMDI1XC8wMVwvdGFpb2JhX3BhbmMxLnBuZyIsInNsaWRlc2hvdyI6IjhiNGQzY2QifQ%3D%3D\">\n\t\t\t\t\t<div class=\"e-gallery-image elementor-gallery-item__image\" data-thumbnail=\"https:\/\/www.epamig.br\/hortpanc\/wp-content\/uploads\/2025\/01\/taioba_panc1.png\" data-width=\"217\" data-height=\"290\" aria-label=\"\" role=\"img\" ><\/div>\n\t\t\t\t\t\t\t\t\t\t\t<div class=\"elementor-gallery-item__overlay\"><\/div>\n\t\t\t\t\t\t\t\t\t\t\t\t\t\t\t<div class=\"elementor-gallery-item__content\">\n\t\t\t\t\t\t\t\t\t\t\t\t\t\t<div class=\"elementor-gallery-item__description\">\n\t\t\t\t\t\t\t\t\t\t\t\t\t\t\t\t\t\tTaioba<br>\nXanthosoma sagittifolium (L.) Schott<br>\nFam\u00edlia Araceae\t\t\t\t\t\t\t\t<\/div>\n\t\t\t\t\t\t\t\t\t\t\t\t<\/div>\n\t\t\t\t\t\t\t\t\t<\/a>\n\t\t\t\t\t\t\t<a class=\"e-gallery-item elementor-gallery-item elementor-animated-content\" href=\"https:\/\/www.epamig.br\/hortpanc\/wp-content\/uploads\/2025\/01\/5-Flores-de-ora-pro-nobis-Pereskia-aculeata-Mill.-CESR-Marinalva-Woods-Pedrosa-scaled.jpg\" data-elementor-open-lightbox=\"yes\" data-elementor-lightbox-slideshow=\"8b4d3cd\" data-elementor-lightbox-description=\"Flores de ora-pro-n\u00f3bis\nPereskia aculeata Mill.\nFam\u00edlia Cactaceae\" data-e-action-hash=\"#elementor-action%3Aaction%3Dlightbox%26settings%3DeyJpZCI6MTA1OSwidXJsIjoiaHR0cHM6XC9cL3d3dy5lcGFtaWcuYnJcL2hvcnRwYW5jXC93cC1jb250ZW50XC91cGxvYWRzXC8yMDI1XC8wMVwvNS1GbG9yZXMtZGUtb3JhLXByby1ub2Jpcy1QZXJlc2tpYS1hY3VsZWF0YS1NaWxsLi1DRVNSLU1hcmluYWx2YS1Xb29kcy1QZWRyb3NhLXNjYWxlZC5qcGciLCJzbGlkZXNob3ciOiI4YjRkM2NkIn0%3D\">\n\t\t\t\t\t<div class=\"e-gallery-image elementor-gallery-item__image\" data-thumbnail=\"https:\/\/www.epamig.br\/hortpanc\/wp-content\/uploads\/2025\/01\/5-Flores-de-ora-pro-nobis-Pereskia-aculeata-Mill.-CESR-Marinalva-Woods-Pedrosa-scaled.jpg\" data-width=\"2560\" data-height=\"1920\" aria-label=\"\" role=\"img\" ><\/div>\n\t\t\t\t\t\t\t\t\t\t\t<div class=\"elementor-gallery-item__overlay\"><\/div>\n\t\t\t\t\t\t\t\t\t\t\t\t\t\t\t<div class=\"elementor-gallery-item__content\">\n\t\t\t\t\t\t\t\t\t\t\t\t\t\t<div class=\"elementor-gallery-item__description\">\n\t\t\t\t\t\t\t\t\t\t\t\t\t\t\t\t\t\tFlores de ora-pro-n\u00f3bis<br>\nPereskia aculeata Mill.<br>\nFam\u00edlia Cactaceae\t\t\t\t\t\t\t\t<\/div>\n\t\t\t\t\t\t\t\t\t\t\t\t<\/div>\n\t\t\t\t\t\t\t\t\t<\/a>\n\t\t\t\t\t\t\t<a class=\"e-gallery-item elementor-gallery-item elementor-animated-content\" href=\"https:\/\/www.epamig.br\/hortpanc\/wp-content\/uploads\/2025\/01\/Capuchinha-scaled.jpg\" data-elementor-open-lightbox=\"yes\" data-elementor-lightbox-slideshow=\"8b4d3cd\" data-elementor-lightbox-description=\"Capuchinha\nTropaeolum majus L.\nFam\u00edlia Tropaeolaceae\" data-e-action-hash=\"#elementor-action%3Aaction%3Dlightbox%26settings%3DeyJpZCI6ODQ3LCJ1cmwiOiJodHRwczpcL1wvd3d3LmVwYW1pZy5iclwvaG9ydHBhbmNcL3dwLWNvbnRlbnRcL3VwbG9hZHNcLzIwMjVcLzAxXC9DYXB1Y2hpbmhhLXNjYWxlZC5qcGciLCJzbGlkZXNob3ciOiI4YjRkM2NkIn0%3D\">\n\t\t\t\t\t<div class=\"e-gallery-image elementor-gallery-item__image\" data-thumbnail=\"https:\/\/www.epamig.br\/hortpanc\/wp-content\/uploads\/2025\/01\/Capuchinha-scaled.jpg\" data-width=\"2560\" data-height=\"1707\" aria-label=\"\" role=\"img\" ><\/div>\n\t\t\t\t\t\t\t\t\t\t\t<div class=\"elementor-gallery-item__overlay\"><\/div>\n\t\t\t\t\t\t\t\t\t\t\t\t\t\t\t<div class=\"elementor-gallery-item__content\">\n\t\t\t\t\t\t\t\t\t\t\t\t\t\t<div class=\"elementor-gallery-item__description\">\n\t\t\t\t\t\t\t\t\t\t\t\t\t\t\t\t\t\tCapuchinha<br>\nTropaeolum majus L.<br>\nFam\u00edlia Tropaeolaceae\t\t\t\t\t\t\t\t<\/div>\n\t\t\t\t\t\t\t\t\t\t\t\t<\/div>\n\t\t\t\t\t\t\t\t\t<\/a>\n\t\t\t\t\t\t\t<a class=\"e-gallery-item elementor-gallery-item elementor-animated-content\" href=\"https:\/\/www.epamig.br\/hortpanc\/wp-content\/uploads\/2025\/01\/Cara-moela-1-scaled.jpg\" data-elementor-open-lightbox=\"yes\" data-elementor-lightbox-slideshow=\"8b4d3cd\" data-elementor-lightbox-description=\"Car\u00e1-moela, car\u00e1-do-ar\nDioscorea bulbifera L.\nFam\u00edlia Dioscoreaceae\" data-e-action-hash=\"#elementor-action%3Aaction%3Dlightbox%26settings%3DeyJpZCI6MTIyNiwidXJsIjoiaHR0cHM6XC9cL3d3dy5lcGFtaWcuYnJcL2hvcnRwYW5jXC93cC1jb250ZW50XC91cGxvYWRzXC8yMDI1XC8wMVwvQ2FyYS1tb2VsYS0xLXNjYWxlZC5qcGciLCJzbGlkZXNob3ciOiI4YjRkM2NkIn0%3D\">\n\t\t\t\t\t<div class=\"e-gallery-image elementor-gallery-item__image\" data-thumbnail=\"https:\/\/www.epamig.br\/hortpanc\/wp-content\/uploads\/2025\/01\/Cara-moela-1-scaled.jpg\" data-width=\"2560\" data-height=\"1920\" aria-label=\"\" role=\"img\" ><\/div>\n\t\t\t\t\t\t\t\t\t\t\t<div class=\"elementor-gallery-item__overlay\"><\/div>\n\t\t\t\t\t\t\t\t\t\t\t\t\t\t\t<div class=\"elementor-gallery-item__content\">\n\t\t\t\t\t\t\t\t\t\t\t\t\t\t<div class=\"elementor-gallery-item__description\">\n\t\t\t\t\t\t\t\t\t\t\t\t\t\t\t\t\t\tCar\u00e1-moela, car\u00e1-do-ar<br>\nDioscorea bulbifera L.<br>\nFam\u00edlia Dioscoreaceae\t\t\t\t\t\t\t\t<\/div>\n\t\t\t\t\t\t\t\t\t\t\t\t<\/div>\n\t\t\t\t\t\t\t\t\t<\/a>\n\t\t\t\t\t\t\t<a class=\"e-gallery-item elementor-gallery-item elementor-animated-content\" href=\"https:\/\/www.epamig.br\/hortpanc\/wp-content\/uploads\/2025\/01\/4-Ramos-de-ora-pro-nobis-Pereskia-aculeata-Mill.-CESR-Marinalva-Woods-Pedrosa-scaled.jpg\" data-elementor-open-lightbox=\"yes\" data-elementor-lightbox-slideshow=\"8b4d3cd\" data-elementor-lightbox-description=\"Ramos de ora-pro-n\u00f3bis\nPereskia aculeata Mill.\nFam\u00edlia Cactaceae\" data-e-action-hash=\"#elementor-action%3Aaction%3Dlightbox%26settings%3DeyJpZCI6MTA1OCwidXJsIjoiaHR0cHM6XC9cL3d3dy5lcGFtaWcuYnJcL2hvcnRwYW5jXC93cC1jb250ZW50XC91cGxvYWRzXC8yMDI1XC8wMVwvNC1SYW1vcy1kZS1vcmEtcHJvLW5vYmlzLVBlcmVza2lhLWFjdWxlYXRhLU1pbGwuLUNFU1ItTWFyaW5hbHZhLVdvb2RzLVBlZHJvc2Etc2NhbGVkLmpwZyIsInNsaWRlc2hvdyI6IjhiNGQzY2QifQ%3D%3D\">\n\t\t\t\t\t<div class=\"e-gallery-image elementor-gallery-item__image\" data-thumbnail=\"https:\/\/www.epamig.br\/hortpanc\/wp-content\/uploads\/2025\/01\/4-Ramos-de-ora-pro-nobis-Pereskia-aculeata-Mill.-CESR-Marinalva-Woods-Pedrosa-scaled.jpg\" data-width=\"2560\" data-height=\"1920\" aria-label=\"\" role=\"img\" ><\/div>\n\t\t\t\t\t\t\t\t\t\t\t<div class=\"elementor-gallery-item__overlay\"><\/div>\n\t\t\t\t\t\t\t\t\t\t\t\t\t\t\t<div class=\"elementor-gallery-item__content\">\n\t\t\t\t\t\t\t\t\t\t\t\t\t\t<div class=\"elementor-gallery-item__description\">\n\t\t\t\t\t\t\t\t\t\t\t\t\t\t\t\t\t\tRamos de ora-pro-n\u00f3bis<br>\nPereskia aculeata Mill.<br>\nFam\u00edlia Cactaceae\t\t\t\t\t\t\t\t<\/div>\n\t\t\t\t\t\t\t\t\t\t\t\t<\/div>\n\t\t\t\t\t\t\t\t\t<\/a>\n\t\t\t\t\t\t\t<a class=\"e-gallery-item elementor-gallery-item elementor-animated-content\" href=\"https:\/\/www.epamig.br\/hortpanc\/wp-content\/uploads\/2025\/01\/Tomate-de-arvore-scaled.jpg\" data-elementor-open-lightbox=\"yes\" data-elementor-lightbox-slideshow=\"8b4d3cd\" data-elementor-lightbox-description=\"Tomate de \u00e1rvore\nSolanum betaceum Cav.\nFam\u00edlia Solanaceae\" data-e-action-hash=\"#elementor-action%3Aaction%3Dlightbox%26settings%3DeyJpZCI6ODU3LCJ1cmwiOiJodHRwczpcL1wvd3d3LmVwYW1pZy5iclwvaG9ydHBhbmNcL3dwLWNvbnRlbnRcL3VwbG9hZHNcLzIwMjVcLzAxXC9Ub21hdGUtZGUtYXJ2b3JlLXNjYWxlZC5qcGciLCJzbGlkZXNob3ciOiI4YjRkM2NkIn0%3D\">\n\t\t\t\t\t<div class=\"e-gallery-image elementor-gallery-item__image\" data-thumbnail=\"https:\/\/www.epamig.br\/hortpanc\/wp-content\/uploads\/2025\/01\/Tomate-de-arvore-scaled.jpg\" data-width=\"1920\" data-height=\"2560\" aria-label=\"\" role=\"img\" ><\/div>\n\t\t\t\t\t\t\t\t\t\t\t<div class=\"elementor-gallery-item__overlay\"><\/div>\n\t\t\t\t\t\t\t\t\t\t\t\t\t\t\t<div class=\"elementor-gallery-item__content\">\n\t\t\t\t\t\t\t\t\t\t\t\t\t\t<div class=\"elementor-gallery-item__description\">\n\t\t\t\t\t\t\t\t\t\t\t\t\t\t\t\t\t\tTomate de \u00e1rvore<br>\nSolanum betaceum Cav.<br>\nFam\u00edlia Solanaceae\t\t\t\t\t\t\t\t<\/div>\n\t\t\t\t\t\t\t\t\t\t\t\t<\/div>\n\t\t\t\t\t\t\t\t\t<\/a>\n\t\t\t\t\t\t\t<a class=\"e-gallery-item elementor-gallery-item elementor-animated-content\" href=\"https:\/\/www.epamig.br\/hortpanc\/wp-content\/uploads\/2025\/02\/Taioba-Marinalva-scaled.jpg\" data-elementor-open-lightbox=\"yes\" data-elementor-lightbox-slideshow=\"8b4d3cd\" data-elementor-lightbox-description=\"Taioba&lt;br&gt;\nXanthosoma sagittifolium (L.) Schott&lt;br&gt;\nFam\u00edlia Araceae\" data-e-action-hash=\"#elementor-action%3Aaction%3Dlightbox%26settings%3DeyJpZCI6MzIxMSwidXJsIjoiaHR0cHM6XC9cL3d3dy5lcGFtaWcuYnJcL2hvcnRwYW5jXC93cC1jb250ZW50XC91cGxvYWRzXC8yMDI1XC8wMlwvVGFpb2JhLU1hcmluYWx2YS1zY2FsZWQuanBnIiwic2xpZGVzaG93IjoiOGI0ZDNjZCJ9\">\n\t\t\t\t\t<div class=\"e-gallery-image elementor-gallery-item__image\" data-thumbnail=\"https:\/\/www.epamig.br\/hortpanc\/wp-content\/uploads\/2025\/02\/Taioba-Marinalva-scaled.jpg\" data-width=\"1920\" data-height=\"2560\" aria-label=\"\" role=\"img\" ><\/div>\n\t\t\t\t\t\t\t\t\t\t\t<div class=\"elementor-gallery-item__overlay\"><\/div>\n\t\t\t\t\t\t\t\t\t\t\t\t\t\t\t<div class=\"elementor-gallery-item__content\">\n\t\t\t\t\t\t\t\t\t\t\t\t\t\t<div class=\"elementor-gallery-item__description\">\n\t\t\t\t\t\t\t\t\t\t\t\t\t\t\t\t\t\tTaioba<br>\nXanthosoma sagittifolium (L.) Schott<br>\nFam\u00edlia Araceae\t\t\t\t\t\t\t\t<\/div>\n\t\t\t\t\t\t\t\t\t\t\t\t<\/div>\n\t\t\t\t\t\t\t\t\t<\/a>\n\t\t\t\t\t\t\t<a class=\"e-gallery-item elementor-gallery-item elementor-animated-content\" href=\"https:\/\/www.epamig.br\/hortpanc\/wp-content\/uploads\/2025\/01\/Ora-pro-nobis.jpg\" data-elementor-open-lightbox=\"yes\" data-elementor-lightbox-slideshow=\"8b4d3cd\" data-elementor-lightbox-description=\"Ora-pro-n\u00f3bis\nPereskia aculeata Mill.\nFam\u00edlia Cactaceae\" data-e-action-hash=\"#elementor-action%3Aaction%3Dlightbox%26settings%3DeyJpZCI6MTIzMSwidXJsIjoiaHR0cHM6XC9cL3d3dy5lcGFtaWcuYnJcL2hvcnRwYW5jXC93cC1jb250ZW50XC91cGxvYWRzXC8yMDI1XC8wMVwvT3JhLXByby1ub2Jpcy5qcGciLCJzbGlkZXNob3ciOiI4YjRkM2NkIn0%3D\">\n\t\t\t\t\t<div class=\"e-gallery-image elementor-gallery-item__image\" data-thumbnail=\"https:\/\/www.epamig.br\/hortpanc\/wp-content\/uploads\/2025\/01\/Ora-pro-nobis.jpg\" data-width=\"1955\" data-height=\"1564\" aria-label=\"\" role=\"img\" ><\/div>\n\t\t\t\t\t\t\t\t\t\t\t<div class=\"elementor-gallery-item__overlay\"><\/div>\n\t\t\t\t\t\t\t\t\t\t\t\t\t\t\t<div class=\"elementor-gallery-item__content\">\n\t\t\t\t\t\t\t\t\t\t\t\t\t\t<div class=\"elementor-gallery-item__description\">\n\t\t\t\t\t\t\t\t\t\t\t\t\t\t\t\t\t\tOra-pro-n\u00f3bis<br>\nPereskia aculeata Mill.<br>\nFam\u00edlia Cactaceae\t\t\t\t\t\t\t\t<\/div>\n\t\t\t\t\t\t\t\t\t\t\t\t<\/div>\n\t\t\t\t\t\t\t\t\t<\/a>\n\t\t\t\t\t\t\t<a class=\"e-gallery-item elementor-gallery-item elementor-animated-content\" href=\"https:\/\/www.epamig.br\/hortpanc\/wp-content\/uploads\/2025\/01\/Feijao-mangalo-campo-scaled.jpg\" data-elementor-open-lightbox=\"yes\" data-elementor-lightbox-slideshow=\"8b4d3cd\" data-elementor-lightbox-description=\"Feij\u00e3o mangal\u00f4\nLablab purpureus (L.) Sweet\nFam\u00edlia Fabaceae\" data-e-action-hash=\"#elementor-action%3Aaction%3Dlightbox%26settings%3DeyJpZCI6ODQzLCJ1cmwiOiJodHRwczpcL1wvd3d3LmVwYW1pZy5iclwvaG9ydHBhbmNcL3dwLWNvbnRlbnRcL3VwbG9hZHNcLzIwMjVcLzAxXC9GZWlqYW8tbWFuZ2Fsby1jYW1wby1zY2FsZWQuanBnIiwic2xpZGVzaG93IjoiOGI0ZDNjZCJ9\">\n\t\t\t\t\t<div class=\"e-gallery-image elementor-gallery-item__image\" data-thumbnail=\"https:\/\/www.epamig.br\/hortpanc\/wp-content\/uploads\/2025\/01\/Feijao-mangalo-campo-scaled.jpg\" data-width=\"2560\" data-height=\"1920\" aria-label=\"\" role=\"img\" ><\/div>\n\t\t\t\t\t\t\t\t\t\t\t<div class=\"elementor-gallery-item__overlay\"><\/div>\n\t\t\t\t\t\t\t\t\t\t\t\t\t\t\t<div class=\"elementor-gallery-item__content\">\n\t\t\t\t\t\t\t\t\t\t\t\t\t\t<div class=\"elementor-gallery-item__description\">\n\t\t\t\t\t\t\t\t\t\t\t\t\t\t\t\t\t\tFeij\u00e3o mangal\u00f4<br>\nLablab purpureus (L.) Sweet<br>\nFam\u00edlia Fabaceae\t\t\t\t\t\t\t\t<\/div>\n\t\t\t\t\t\t\t\t\t\t\t\t<\/div>\n\t\t\t\t\t\t\t\t\t<\/a>\n\t\t\t\t\t\t\t<a class=\"e-gallery-item elementor-gallery-item elementor-animated-content\" href=\"https:\/\/www.epamig.br\/hortpanc\/wp-content\/uploads\/2025\/01\/Vinagreira-verde-scaled.jpg\" data-elementor-open-lightbox=\"yes\" data-elementor-lightbox-slideshow=\"8b4d3cd\" data-elementor-lightbox-description=\"Vinagreira verde, hibisco\nHibiscus sabdariffa L.\nFam\u00edlia Malvaceae\" data-e-action-hash=\"#elementor-action%3Aaction%3Dlightbox%26settings%3DeyJpZCI6MTIzMCwidXJsIjoiaHR0cHM6XC9cL3d3dy5lcGFtaWcuYnJcL2hvcnRwYW5jXC93cC1jb250ZW50XC91cGxvYWRzXC8yMDI1XC8wMVwvVmluYWdyZWlyYS12ZXJkZS1zY2FsZWQuanBnIiwic2xpZGVzaG93IjoiOGI0ZDNjZCJ9\">\n\t\t\t\t\t<div class=\"e-gallery-image elementor-gallery-item__image\" data-thumbnail=\"https:\/\/www.epamig.br\/hortpanc\/wp-content\/uploads\/2025\/01\/Vinagreira-verde-scaled.jpg\" data-width=\"2560\" data-height=\"1920\" aria-label=\"\" role=\"img\" ><\/div>\n\t\t\t\t\t\t\t\t\t\t\t<div class=\"elementor-gallery-item__overlay\"><\/div>\n\t\t\t\t\t\t\t\t\t\t\t\t\t\t\t<div class=\"elementor-gallery-item__content\">\n\t\t\t\t\t\t\t\t\t\t\t\t\t\t<div class=\"elementor-gallery-item__description\">\n\t\t\t\t\t\t\t\t\t\t\t\t\t\t\t\t\t\tVinagreira verde, hibisco<br>\nHibiscus sabdariffa L.<br>\nFam\u00edlia Malvaceae\t\t\t\t\t\t\t\t<\/div>\n\t\t\t\t\t\t\t\t\t\t\t\t<\/div>\n\t\t\t\t\t\t\t\t\t<\/a>\n\t\t\t\t\t\t\t<a class=\"e-gallery-item elementor-gallery-item elementor-animated-content\" href=\"https:\/\/www.epamig.br\/hortpanc\/wp-content\/uploads\/2025\/01\/taioba_panc3.png\" data-elementor-open-lightbox=\"yes\" data-elementor-lightbox-slideshow=\"8b4d3cd\" data-elementor-lightbox-description=\"Taioba\nXanthosoma sagittifolium (L.) Schott\nFam\u00edlia Araceae\" data-e-action-hash=\"#elementor-action%3Aaction%3Dlightbox%26settings%3DeyJpZCI6MTcwMSwidXJsIjoiaHR0cHM6XC9cL3d3dy5lcGFtaWcuYnJcL2hvcnRwYW5jXC93cC1jb250ZW50XC91cGxvYWRzXC8yMDI1XC8wMVwvdGFpb2JhX3BhbmMzLnBuZyIsInNsaWRlc2hvdyI6IjhiNGQzY2QifQ%3D%3D\">\n\t\t\t\t\t<div class=\"e-gallery-image elementor-gallery-item__image\" data-thumbnail=\"https:\/\/www.epamig.br\/hortpanc\/wp-content\/uploads\/2025\/01\/taioba_panc3.png\" data-width=\"219\" data-height=\"292\" aria-label=\"\" role=\"img\" ><\/div>\n\t\t\t\t\t\t\t\t\t\t\t<div class=\"elementor-gallery-item__overlay\"><\/div>\n\t\t\t\t\t\t\t\t\t\t\t\t\t\t\t<div class=\"elementor-gallery-item__content\">\n\t\t\t\t\t\t\t\t\t\t\t\t\t\t<div class=\"elementor-gallery-item__description\">\n\t\t\t\t\t\t\t\t\t\t\t\t\t\t\t\t\t\tTaioba<br>\nXanthosoma sagittifolium (L.) Schott<br>\nFam\u00edlia Araceae\t\t\t\t\t\t\t\t<\/div>\n\t\t\t\t\t\t\t\t\t\t\t\t<\/div>\n\t\t\t\t\t\t\t\t\t<\/a>\n\t\t\t\t\t\t\t<a class=\"e-gallery-item elementor-gallery-item elementor-animated-content\" href=\"https:\/\/www.epamig.br\/hortpanc\/wp-content\/uploads\/2025\/01\/ora-pro-nobis3.png\" data-elementor-open-lightbox=\"yes\" data-elementor-lightbox-slideshow=\"8b4d3cd\" data-elementor-lightbox-description=\"Ora-pro-n\u00f3bis\nPereskia aculeata Mill.\nFam\u00edlia Cactaceae\" data-e-action-hash=\"#elementor-action%3Aaction%3Dlightbox%26settings%3DeyJpZCI6MTcxOCwidXJsIjoiaHR0cHM6XC9cL3d3dy5lcGFtaWcuYnJcL2hvcnRwYW5jXC93cC1jb250ZW50XC91cGxvYWRzXC8yMDI1XC8wMVwvb3JhLXByby1ub2JpczMucG5nIiwic2xpZGVzaG93IjoiOGI0ZDNjZCJ9\">\n\t\t\t\t\t<div class=\"e-gallery-image elementor-gallery-item__image\" data-thumbnail=\"https:\/\/www.epamig.br\/hortpanc\/wp-content\/uploads\/2025\/01\/ora-pro-nobis3.png\" data-width=\"202\" data-height=\"270\" aria-label=\"\" role=\"img\" ><\/div>\n\t\t\t\t\t\t\t\t\t\t\t<div class=\"elementor-gallery-item__overlay\"><\/div>\n\t\t\t\t\t\t\t\t\t\t\t\t\t\t\t<div class=\"elementor-gallery-item__content\">\n\t\t\t\t\t\t\t\t\t\t\t\t\t\t<div class=\"elementor-gallery-item__description\">\n\t\t\t\t\t\t\t\t\t\t\t\t\t\t\t\t\t\tOra-pro-n\u00f3bis<br>\nPereskia aculeata Mill.<br>\nFam\u00edlia Cactaceae\t\t\t\t\t\t\t\t<\/div>\n\t\t\t\t\t\t\t\t\t\t\t\t<\/div>\n\t\t\t\t\t\t\t\t\t<\/a>\n\t\t\t\t\t\t\t<a class=\"e-gallery-item elementor-gallery-item elementor-animated-content\" href=\"https:\/\/www.epamig.br\/hortpanc\/wp-content\/uploads\/2025\/01\/Azedinha-2-scaled.jpg\" data-elementor-open-lightbox=\"yes\" data-elementor-lightbox-slideshow=\"8b4d3cd\" data-elementor-lightbox-description=\"Azedinha\nRumex acetosa L.\nFam\u00edlia Polygonaceae\" data-e-action-hash=\"#elementor-action%3Aaction%3Dlightbox%26settings%3DeyJpZCI6MTIzOCwidXJsIjoiaHR0cHM6XC9cL3d3dy5lcGFtaWcuYnJcL2hvcnRwYW5jXC93cC1jb250ZW50XC91cGxvYWRzXC8yMDI1XC8wMVwvQXplZGluaGEtMi1zY2FsZWQuanBnIiwic2xpZGVzaG93IjoiOGI0ZDNjZCJ9\">\n\t\t\t\t\t<div class=\"e-gallery-image elementor-gallery-item__image\" data-thumbnail=\"https:\/\/www.epamig.br\/hortpanc\/wp-content\/uploads\/2025\/01\/Azedinha-2-scaled.jpg\" data-width=\"2560\" data-height=\"1920\" aria-label=\"\" role=\"img\" ><\/div>\n\t\t\t\t\t\t\t\t\t\t\t<div class=\"elementor-gallery-item__overlay\"><\/div>\n\t\t\t\t\t\t\t\t\t\t\t\t\t\t\t<div class=\"elementor-gallery-item__content\">\n\t\t\t\t\t\t\t\t\t\t\t\t\t\t<div class=\"elementor-gallery-item__description\">\n\t\t\t\t\t\t\t\t\t\t\t\t\t\t\t\t\t\tAzedinha<br>\nRumex acetosa L.\n<br>Fam\u00edlia Polygonaceae\t\t\t\t\t\t\t\t<\/div>\n\t\t\t\t\t\t\t\t\t\t\t\t<\/div>\n\t\t\t\t\t\t\t\t\t<\/a>\n\t\t\t\t\t\t\t<a class=\"e-gallery-item elementor-gallery-item elementor-animated-content\" href=\"https:\/\/www.epamig.br\/hortpanc\/wp-content\/uploads\/2025\/01\/1-Consorcio-alface-e-azedinha-CESR-Marinalva-Woods-Pedrosa-scaled.jpg\" data-elementor-open-lightbox=\"yes\" data-elementor-lightbox-slideshow=\"8b4d3cd\" data-elementor-lightbox-description=\"Alface\nLactuca sativa L.\nFam\u00edlia Asteraceae\n\nAzedinha\nRumex acetosa L.\nFam\u00edlia Polygonaceae\n\nHortel\u00e3\nMentha sp.\nFam\u00edlia Lamiaceae\" data-e-action-hash=\"#elementor-action%3Aaction%3Dlightbox%26settings%3DeyJpZCI6MTA1NSwidXJsIjoiaHR0cHM6XC9cL3d3dy5lcGFtaWcuYnJcL2hvcnRwYW5jXC93cC1jb250ZW50XC91cGxvYWRzXC8yMDI1XC8wMVwvMS1Db25zb3JjaW8tYWxmYWNlLWUtYXplZGluaGEtQ0VTUi1NYXJpbmFsdmEtV29vZHMtUGVkcm9zYS1zY2FsZWQuanBnIiwic2xpZGVzaG93IjoiOGI0ZDNjZCJ9\">\n\t\t\t\t\t<div class=\"e-gallery-image elementor-gallery-item__image\" data-thumbnail=\"https:\/\/www.epamig.br\/hortpanc\/wp-content\/uploads\/2025\/01\/1-Consorcio-alface-e-azedinha-CESR-Marinalva-Woods-Pedrosa-scaled.jpg\" data-width=\"2560\" data-height=\"1855\" aria-label=\"\" role=\"img\" ><\/div>\n\t\t\t\t\t\t\t\t\t\t\t<div class=\"elementor-gallery-item__overlay\"><\/div>\n\t\t\t\t\t\t\t\t\t\t\t\t\t\t\t<div class=\"elementor-gallery-item__content\">\n\t\t\t\t\t\t\t\t\t\t\t\t\t\t<div class=\"elementor-gallery-item__description\">\n\t\t\t\t\t\t\t\t\t\t\t\t\t\t\t\t\t\tConsorcio alface e azedinha<br>\nAlface<br>\nLactuca sativa L.<br>\nFam\u00edlia Asteraceae\n<br>\nAzedinha<br>\nRumex acetosa L.<br>\nFam\u00edlia Polygonaceae\n<br>\nHortel\u00e3<br>\nMentha sp.<br>\nFam\u00edlia Lamiaceae\t\t\t\t\t\t\t\t<\/div>\n\t\t\t\t\t\t\t\t\t\t\t\t<\/div>\n\t\t\t\t\t\t\t\t\t<\/a>\n\t\t\t\t\t\t\t<a class=\"e-gallery-item elementor-gallery-item elementor-animated-content\" href=\"https:\/\/www.epamig.br\/hortpanc\/wp-content\/uploads\/2025\/01\/Taioba-2-2-scaled.jpg\" data-elementor-open-lightbox=\"yes\" data-elementor-lightbox-slideshow=\"8b4d3cd\" data-elementor-lightbox-description=\"Taioba\nXanthosoma sagittifolium (L.) Schott\nFam\u00edlia Araceae\" data-e-action-hash=\"#elementor-action%3Aaction%3Dlightbox%26settings%3DeyJpZCI6MTI1NSwidXJsIjoiaHR0cHM6XC9cL3d3dy5lcGFtaWcuYnJcL2hvcnRwYW5jXC93cC1jb250ZW50XC91cGxvYWRzXC8yMDI1XC8wMVwvVGFpb2JhLTItMi1zY2FsZWQuanBnIiwic2xpZGVzaG93IjoiOGI0ZDNjZCJ9\">\n\t\t\t\t\t<div class=\"e-gallery-image elementor-gallery-item__image\" data-thumbnail=\"https:\/\/www.epamig.br\/hortpanc\/wp-content\/uploads\/2025\/01\/Taioba-2-2-scaled.jpg\" data-width=\"2560\" data-height=\"1920\" aria-label=\"\" role=\"img\" ><\/div>\n\t\t\t\t\t\t\t\t\t\t\t<div class=\"elementor-gallery-item__overlay\"><\/div>\n\t\t\t\t\t\t\t\t\t\t\t\t\t\t\t<div class=\"elementor-gallery-item__content\">\n\t\t\t\t\t\t\t\t\t\t\t\t\t\t<div class=\"elementor-gallery-item__description\">\n\t\t\t\t\t\t\t\t\t\t\t\t\t\t\t\t\t\tTaioba<br>\nXanthosoma sagittifolium (L.) Schott<br>\nFam\u00edlia Araceae\t\t\t\t\t\t\t\t<\/div>\n\t\t\t\t\t\t\t\t\t\t\t\t<\/div>\n\t\t\t\t\t\t\t\t\t<\/a>\n\t\t\t\t\t\t\t<a class=\"e-gallery-item elementor-gallery-item elementor-animated-content\" href=\"https:\/\/www.epamig.br\/hortpanc\/wp-content\/uploads\/2025\/01\/7-Vinagreira-Hibiscus-sabdariffa-L.-CESR-Marinalva-Woods-Pedrosa-scaled.jpg\" data-elementor-open-lightbox=\"yes\" data-elementor-lightbox-slideshow=\"8b4d3cd\" data-elementor-lightbox-description=\"Vinagreira\nHibiscus sabdariffa L.\nFam\u00edlia Malvaceae\" data-e-action-hash=\"#elementor-action%3Aaction%3Dlightbox%26settings%3DeyJpZCI6MTA2MSwidXJsIjoiaHR0cHM6XC9cL3d3dy5lcGFtaWcuYnJcL2hvcnRwYW5jXC93cC1jb250ZW50XC91cGxvYWRzXC8yMDI1XC8wMVwvNy1WaW5hZ3JlaXJhLUhpYmlzY3VzLXNhYmRhcmlmZmEtTC4tQ0VTUi1NYXJpbmFsdmEtV29vZHMtUGVkcm9zYS1zY2FsZWQuanBnIiwic2xpZGVzaG93IjoiOGI0ZDNjZCJ9\">\n\t\t\t\t\t<div class=\"e-gallery-image elementor-gallery-item__image\" data-thumbnail=\"https:\/\/www.epamig.br\/hortpanc\/wp-content\/uploads\/2025\/01\/7-Vinagreira-Hibiscus-sabdariffa-L.-CESR-Marinalva-Woods-Pedrosa-scaled.jpg\" data-width=\"1920\" data-height=\"2560\" aria-label=\"\" role=\"img\" ><\/div>\n\t\t\t\t\t\t\t\t\t\t\t<div class=\"elementor-gallery-item__overlay\"><\/div>\n\t\t\t\t\t\t\t\t\t\t\t\t\t\t\t<div class=\"elementor-gallery-item__content\">\n\t\t\t\t\t\t\t\t\t\t\t\t\t\t<div class=\"elementor-gallery-item__description\">\n\t\t\t\t\t\t\t\t\t\t\t\t\t\t\t\t\t\tVinagreira\n<br>\nHibiscus sabdariffa L.<br>\nFam\u00edlia Malvaceae\t\t\t\t\t\t\t\t<\/div>\n\t\t\t\t\t\t\t\t\t\t\t\t<\/div>\n\t\t\t\t\t\t\t\t\t<\/a>\n\t\t\t\t\t\t\t<a class=\"e-gallery-item elementor-gallery-item elementor-animated-content\" href=\"https:\/\/www.epamig.br\/hortpanc\/wp-content\/uploads\/2025\/01\/Jambu-2-scaled.jpg\" data-elementor-open-lightbox=\"yes\" data-elementor-lightbox-slideshow=\"8b4d3cd\" data-elementor-lightbox-description=\"Jambu\nAcmella oleracea (L.) R.K.Jansen\nFam\u00edlia Asteraceae\" data-e-action-hash=\"#elementor-action%3Aaction%3Dlightbox%26settings%3DeyJpZCI6MTI1MywidXJsIjoiaHR0cHM6XC9cL3d3dy5lcGFtaWcuYnJcL2hvcnRwYW5jXC93cC1jb250ZW50XC91cGxvYWRzXC8yMDI1XC8wMVwvSmFtYnUtMi1zY2FsZWQuanBnIiwic2xpZGVzaG93IjoiOGI0ZDNjZCJ9\">\n\t\t\t\t\t<div class=\"e-gallery-image elementor-gallery-item__image\" data-thumbnail=\"https:\/\/www.epamig.br\/hortpanc\/wp-content\/uploads\/2025\/01\/Jambu-2-scaled.jpg\" data-width=\"1920\" data-height=\"2560\" aria-label=\"\" role=\"img\" ><\/div>\n\t\t\t\t\t\t\t\t\t\t\t<div class=\"elementor-gallery-item__overlay\"><\/div>\n\t\t\t\t\t\t\t\t\t\t\t\t\t\t\t<div class=\"elementor-gallery-item__content\">\n\t\t\t\t\t\t\t\t\t\t\t\t\t\t<div class=\"elementor-gallery-item__description\">\n\t\t\t\t\t\t\t\t\t\t\t\t\t\t\t\t\t\tJambu<br>\nAcmella oleracea (L.) R.K.Jansen<br>\nFam\u00edlia Asteraceae\t\t\t\t\t\t\t\t<\/div>\n\t\t\t\t\t\t\t\t\t\t\t\t<\/div>\n\t\t\t\t\t\t\t\t\t<\/a>\n\t\t\t\t\t\t\t<a class=\"e-gallery-item elementor-gallery-item elementor-animated-content\" href=\"https:\/\/www.epamig.br\/hortpanc\/wp-content\/uploads\/2025\/01\/Flor-de-jacatupe-scaled.jpg\" data-elementor-open-lightbox=\"yes\" data-elementor-lightbox-slideshow=\"8b4d3cd\" data-elementor-lightbox-description=\"Flor de jacatup\u00e9\nPachyrhizus tuberosus (Lam.) Spreng.\nFam\u00edlia Fabaceae\" data-e-action-hash=\"#elementor-action%3Aaction%3Dlightbox%26settings%3DeyJpZCI6ODQyLCJ1cmwiOiJodHRwczpcL1wvd3d3LmVwYW1pZy5iclwvaG9ydHBhbmNcL3dwLWNvbnRlbnRcL3VwbG9hZHNcLzIwMjVcLzAxXC9GbG9yLWRlLWphY2F0dXBlLXNjYWxlZC5qcGciLCJzbGlkZXNob3ciOiI4YjRkM2NkIn0%3D\">\n\t\t\t\t\t<div class=\"e-gallery-image elementor-gallery-item__image\" data-thumbnail=\"https:\/\/www.epamig.br\/hortpanc\/wp-content\/uploads\/2025\/01\/Flor-de-jacatupe-scaled.jpg\" data-width=\"2560\" data-height=\"1920\" aria-label=\"\" role=\"img\" ><\/div>\n\t\t\t\t\t\t\t\t\t\t\t<div class=\"elementor-gallery-item__overlay\"><\/div>\n\t\t\t\t\t\t\t\t\t\t\t\t\t\t\t<div class=\"elementor-gallery-item__content\">\n\t\t\t\t\t\t\t\t\t\t\t\t\t\t<div class=\"elementor-gallery-item__description\">\n\t\t\t\t\t\t\t\t\t\t\t\t\t\t\t\t\t\tFlor de jacatup\u00e9<br>\nPachyrhizus tuberosus (Lam.) Spreng.<br>\nFam\u00edlia Fabaceae\t\t\t\t\t\t\t\t<\/div>\n\t\t\t\t\t\t\t\t\t\t\t\t<\/div>\n\t\t\t\t\t\t\t\t\t<\/a>\n\t\t\t\t\t\t\t<a class=\"e-gallery-item elementor-gallery-item elementor-animated-content\" href=\"https:\/\/www.epamig.br\/hortpanc\/wp-content\/uploads\/2025\/01\/Consorcio-capuchinha-e-azedinha-scaled.jpg\" data-elementor-open-lightbox=\"yes\" data-elementor-lightbox-slideshow=\"8b4d3cd\" data-elementor-lightbox-description=\"Cons\u00f3rcio capuchinha e azedinha \n\nCapuchinha\nTropaeolum majus L.\nFam\u00edlia Tropaeolaceae\n\nAzedinha\nRumex acetosa L.\nFam\u00edlia Polygonaceae\" data-e-action-hash=\"#elementor-action%3Aaction%3Dlightbox%26settings%3DeyJpZCI6ODU0LCJ1cmwiOiJodHRwczpcL1wvd3d3LmVwYW1pZy5iclwvaG9ydHBhbmNcL3dwLWNvbnRlbnRcL3VwbG9hZHNcLzIwMjVcLzAxXC9Db25zb3JjaW8tY2FwdWNoaW5oYS1lLWF6ZWRpbmhhLXNjYWxlZC5qcGciLCJzbGlkZXNob3ciOiI4YjRkM2NkIn0%3D\">\n\t\t\t\t\t<div class=\"e-gallery-image elementor-gallery-item__image\" data-thumbnail=\"https:\/\/www.epamig.br\/hortpanc\/wp-content\/uploads\/2025\/01\/Consorcio-capuchinha-e-azedinha-scaled.jpg\" data-width=\"2560\" data-height=\"1920\" aria-label=\"\" role=\"img\" ><\/div>\n\t\t\t\t\t\t\t\t\t\t\t<div class=\"elementor-gallery-item__overlay\"><\/div>\n\t\t\t\t\t\t\t\t\t\t\t\t\t\t\t<div class=\"elementor-gallery-item__content\">\n\t\t\t\t\t\t\t\t\t\t\t\t\t\t<div class=\"elementor-gallery-item__description\">\n\t\t\t\t\t\t\t\t\t\t\t\t\t\t\t\t\t\tCons\u00f3rcio capuchinha e azedinha<br>\nCapuchinha<br>\nTropaeolum majus L.<br>\nFam\u00edlia Tropaeolaceae\n<br>\nAzedinha<br>\nRumex acetosa L.<br>\nFam\u00edlia Polygonaceae\t\t\t\t\t\t\t\t<\/div>\n\t\t\t\t\t\t\t\t\t\t\t\t<\/div>\n\t\t\t\t\t\t\t\t\t<\/a>\n\t\t\t\t\t\t\t<a class=\"e-gallery-item elementor-gallery-item elementor-animated-content\" href=\"https:\/\/www.epamig.br\/hortpanc\/wp-content\/uploads\/2025\/02\/taioba_panc_epamig.png\" data-elementor-open-lightbox=\"yes\" data-elementor-lightbox-slideshow=\"8b4d3cd\" data-elementor-lightbox-description=\"Taioba\nXanthosoma sagittifolium (L.) Schott\nFam\u00edlia Araceae\" data-e-action-hash=\"#elementor-action%3Aaction%3Dlightbox%26settings%3DeyJpZCI6MzE4NiwidXJsIjoiaHR0cHM6XC9cL3d3dy5lcGFtaWcuYnJcL2hvcnRwYW5jXC93cC1jb250ZW50XC91cGxvYWRzXC8yMDI1XC8wMlwvdGFpb2JhX3BhbmNfZXBhbWlnLnBuZyIsInNsaWRlc2hvdyI6IjhiNGQzY2QifQ%3D%3D\">\n\t\t\t\t\t<div class=\"e-gallery-image elementor-gallery-item__image\" data-thumbnail=\"https:\/\/www.epamig.br\/hortpanc\/wp-content\/uploads\/2025\/02\/taioba_panc_epamig.png\" data-width=\"1034\" data-height=\"1000\" aria-label=\"\" role=\"img\" ><\/div>\n\t\t\t\t\t\t\t\t\t\t\t<div class=\"elementor-gallery-item__overlay\"><\/div>\n\t\t\t\t\t\t\t\t\t\t\t\t\t\t\t<div class=\"elementor-gallery-item__content\">\n\t\t\t\t\t\t\t\t\t\t\t\t\t\t<div class=\"elementor-gallery-item__description\">\n\t\t\t\t\t\t\t\t\t\t\t\t\t\t\t\t\t\tTaioba<br>\nXanthosoma sagittifolium (L.) Schott<br>\nFam\u00edlia Araceae\t\t\t\t\t\t\t\t<\/div>\n\t\t\t\t\t\t\t\t\t\t\t\t<\/div>\n\t\t\t\t\t\t\t\t\t<\/a>\n\t\t\t\t\t\t\t<a class=\"e-gallery-item elementor-gallery-item elementor-animated-content\" href=\"https:\/\/www.epamig.br\/hortpanc\/wp-content\/uploads\/2025\/01\/Peixinho-folhas-1-scaled.jpg\" data-elementor-open-lightbox=\"yes\" data-elementor-lightbox-slideshow=\"8b4d3cd\" data-elementor-lightbox-description=\"Peixinho folhas\nStachys byzantina K.Koch\nFam\u00edlia Lamiaceae\" data-e-action-hash=\"#elementor-action%3Aaction%3Dlightbox%26settings%3DeyJpZCI6MTIyOSwidXJsIjoiaHR0cHM6XC9cL3d3dy5lcGFtaWcuYnJcL2hvcnRwYW5jXC93cC1jb250ZW50XC91cGxvYWRzXC8yMDI1XC8wMVwvUGVpeGluaG8tZm9saGFzLTEtc2NhbGVkLmpwZyIsInNsaWRlc2hvdyI6IjhiNGQzY2QifQ%3D%3D\">\n\t\t\t\t\t<div class=\"e-gallery-image elementor-gallery-item__image\" data-thumbnail=\"https:\/\/www.epamig.br\/hortpanc\/wp-content\/uploads\/2025\/01\/Peixinho-folhas-1-scaled.jpg\" data-width=\"1920\" data-height=\"2560\" aria-label=\"\" role=\"img\" ><\/div>\n\t\t\t\t\t\t\t\t\t\t\t<div class=\"elementor-gallery-item__overlay\"><\/div>\n\t\t\t\t\t\t\t\t\t\t\t\t\t\t\t<div class=\"elementor-gallery-item__content\">\n\t\t\t\t\t\t\t\t\t\t\t\t\t\t<div class=\"elementor-gallery-item__description\">\n\t\t\t\t\t\t\t\t\t\t\t\t\t\t\t\t\t\tPeixinho folhas<br>\n<em>Stachys byzantina K.Koch<\/em><br>\nFam\u00edlia Lamiaceae\t\t\t\t\t\t\t\t<\/div>\n\t\t\t\t\t\t\t\t\t\t\t\t<\/div>\n\t\t\t\t\t\t\t\t\t<\/a>\n\t\t\t\t\t\t\t<a class=\"e-gallery-item elementor-gallery-item elementor-animated-content\" href=\"https:\/\/www.epamig.br\/hortpanc\/wp-content\/uploads\/2025\/01\/Batata-doce-scaled.jpg\" data-elementor-open-lightbox=\"yes\" data-elementor-lightbox-slideshow=\"8b4d3cd\" data-elementor-lightbox-description=\"Batata doce\nIpomoea batatas (L.) Lam.\nFam\u00edlia Convolvulaceae\" data-e-action-hash=\"#elementor-action%3Aaction%3Dlightbox%26settings%3DeyJpZCI6ODUwLCJ1cmwiOiJodHRwczpcL1wvd3d3LmVwYW1pZy5iclwvaG9ydHBhbmNcL3dwLWNvbnRlbnRcL3VwbG9hZHNcLzIwMjVcLzAxXC9CYXRhdGEtZG9jZS1zY2FsZWQuanBnIiwic2xpZGVzaG93IjoiOGI0ZDNjZCJ9\">\n\t\t\t\t\t<div class=\"e-gallery-image elementor-gallery-item__image\" data-thumbnail=\"https:\/\/www.epamig.br\/hortpanc\/wp-content\/uploads\/2025\/01\/Batata-doce-scaled.jpg\" data-width=\"2560\" data-height=\"1920\" aria-label=\"\" role=\"img\" ><\/div>\n\t\t\t\t\t\t\t\t\t\t\t<div class=\"elementor-gallery-item__overlay\"><\/div>\n\t\t\t\t\t\t\t\t\t\t\t\t\t\t\t<div class=\"elementor-gallery-item__content\">\n\t\t\t\t\t\t\t\t\t\t\t\t\t\t<div class=\"elementor-gallery-item__description\">\n\t\t\t\t\t\t\t\t\t\t\t\t\t\t\t\t\t\tBatata doce<br>\nIpomoea batatas (L.)<br>\nLam.\nFam\u00edlia Convolvulaceae\t\t\t\t\t\t\t\t<\/div>\n\t\t\t\t\t\t\t\t\t\t\t\t<\/div>\n\t\t\t\t\t\t\t\t\t<\/a>\n\t\t\t\t\t\t\t<a class=\"e-gallery-item elementor-gallery-item elementor-animated-content\" href=\"https:\/\/www.epamig.br\/hortpanc\/wp-content\/uploads\/2025\/01\/Bertalha-coracao-1-scaled.jpg\" data-elementor-open-lightbox=\"yes\" data-elementor-lightbox-slideshow=\"8b4d3cd\" data-elementor-lightbox-description=\"Bertalha-cora\u00e7\u00e3o\nAnredera cordifolia (Tem.) Steenis\nFam\u00edlia Basellaceae\" data-e-action-hash=\"#elementor-action%3Aaction%3Dlightbox%26settings%3DeyJpZCI6MTIzNSwidXJsIjoiaHR0cHM6XC9cL3d3dy5lcGFtaWcuYnJcL2hvcnRwYW5jXC93cC1jb250ZW50XC91cGxvYWRzXC8yMDI1XC8wMVwvQmVydGFsaGEtY29yYWNhby0xLXNjYWxlZC5qcGciLCJzbGlkZXNob3ciOiI4YjRkM2NkIn0%3D\">\n\t\t\t\t\t<div class=\"e-gallery-image elementor-gallery-item__image\" data-thumbnail=\"https:\/\/www.epamig.br\/hortpanc\/wp-content\/uploads\/2025\/01\/Bertalha-coracao-1-scaled.jpg\" data-width=\"2560\" data-height=\"1707\" aria-label=\"\" role=\"img\" ><\/div>\n\t\t\t\t\t\t\t\t\t\t\t<div class=\"elementor-gallery-item__overlay\"><\/div>\n\t\t\t\t\t\t\t\t\t\t\t\t\t\t\t<div class=\"elementor-gallery-item__content\">\n\t\t\t\t\t\t\t\t\t\t\t\t\t\t<div class=\"elementor-gallery-item__description\">\n\t\t\t\t\t\t\t\t\t\t\t\t\t\t\t\t\t\tBertalha-cora\u00e7\u00e3o<br>\nAnredera cordifolia (Tem.) Steenis<br>\nFam\u00edlia Basellaceae\t\t\t\t\t\t\t\t<\/div>\n\t\t\t\t\t\t\t\t\t\t\t\t<\/div>\n\t\t\t\t\t\t\t\t\t<\/a>\n\t\t\t\t\t\t\t<a class=\"e-gallery-item elementor-gallery-item elementor-animated-content\" href=\"https:\/\/www.epamig.br\/hortpanc\/wp-content\/uploads\/2025\/02\/Pereskia_aculeata_Aspecto_da_planta_Izabel.png\" data-elementor-open-lightbox=\"yes\" data-elementor-lightbox-slideshow=\"8b4d3cd\" data-elementor-lightbox-title=\"Pereskia_aculeata_Aspecto_da_planta_Izabel\" data-e-action-hash=\"#elementor-action%3Aaction%3Dlightbox%26settings%3DeyJpZCI6MjUwOSwidXJsIjoiaHR0cHM6XC9cL3d3dy5lcGFtaWcuYnJcL2hvcnRwYW5jXC93cC1jb250ZW50XC91cGxvYWRzXC8yMDI1XC8wMlwvUGVyZXNraWFfYWN1bGVhdGFfQXNwZWN0b19kYV9wbGFudGFfSXphYmVsLnBuZyIsInNsaWRlc2hvdyI6IjhiNGQzY2QifQ%3D%3D\">\n\t\t\t\t\t<div class=\"e-gallery-image elementor-gallery-item__image\" data-thumbnail=\"https:\/\/www.epamig.br\/hortpanc\/wp-content\/uploads\/2025\/02\/Pereskia_aculeata_Aspecto_da_planta_Izabel.png\" data-width=\"1333\" data-height=\"1000\" aria-label=\"\" role=\"img\" ><\/div>\n\t\t\t\t\t\t\t\t\t\t\t<div class=\"elementor-gallery-item__overlay\"><\/div>\n\t\t\t\t\t\t\t\t\t\t\t\t\t\t\t<div class=\"elementor-gallery-item__content\">\n\t\t\t\t\t\t\t\t\t\t\t<\/div>\n\t\t\t\t\t\t\t\t\t<\/a>\n\t\t\t\t\t\t\t<a class=\"e-gallery-item elementor-gallery-item elementor-animated-content\" href=\"https:\/\/www.epamig.br\/hortpanc\/wp-content\/uploads\/2025\/01\/ora-pro-nobis2.png\" data-elementor-open-lightbox=\"yes\" data-elementor-lightbox-slideshow=\"8b4d3cd\" data-elementor-lightbox-description=\"Ramos de ora-pro-n\u00f3bis\nPereskia grandifolia\nFam\u00edlia Cactaceae\" data-e-action-hash=\"#elementor-action%3Aaction%3Dlightbox%26settings%3DeyJpZCI6MTcxNywidXJsIjoiaHR0cHM6XC9cL3d3dy5lcGFtaWcuYnJcL2hvcnRwYW5jXC93cC1jb250ZW50XC91cGxvYWRzXC8yMDI1XC8wMVwvb3JhLXByby1ub2JpczIucG5nIiwic2xpZGVzaG93IjoiOGI0ZDNjZCJ9\">\n\t\t\t\t\t<div class=\"e-gallery-image elementor-gallery-item__image\" data-thumbnail=\"https:\/\/www.epamig.br\/hortpanc\/wp-content\/uploads\/2025\/01\/ora-pro-nobis2.png\" data-width=\"205\" data-height=\"273\" aria-label=\"\" role=\"img\" ><\/div>\n\t\t\t\t\t\t\t\t\t\t\t<div class=\"elementor-gallery-item__overlay\"><\/div>\n\t\t\t\t\t\t\t\t\t\t\t\t\t\t\t<div class=\"elementor-gallery-item__content\">\n\t\t\t\t\t\t\t\t\t\t\t\t\t\t<div class=\"elementor-gallery-item__description\">\n\t\t\t\t\t\t\t\t\t\t\t\t\t\t\t\t\t\tRamos de ora-pro-n\u00f3bis<br>\nPereskia grandifolia<br>\nFam\u00edlia Cactaceae\t\t\t\t\t\t\t\t<\/div>\n\t\t\t\t\t\t\t\t\t\t\t\t<\/div>\n\t\t\t\t\t\t\t\t\t<\/a>\n\t\t\t\t\t\t\t<a class=\"e-gallery-item elementor-gallery-item elementor-animated-content\" href=\"https:\/\/www.epamig.br\/hortpanc\/wp-content\/uploads\/2025\/01\/Taioba-1-scaled.jpg\" data-elementor-open-lightbox=\"yes\" data-elementor-lightbox-slideshow=\"8b4d3cd\" data-elementor-lightbox-description=\"Taioba\nXanthosoma sagittifolium (L.) Schott\nFam\u00edlia Araceae\" data-e-action-hash=\"#elementor-action%3Aaction%3Dlightbox%26settings%3DeyJpZCI6MTI1NiwidXJsIjoiaHR0cHM6XC9cL3d3dy5lcGFtaWcuYnJcL2hvcnRwYW5jXC93cC1jb250ZW50XC91cGxvYWRzXC8yMDI1XC8wMVwvVGFpb2JhLTEtc2NhbGVkLmpwZyIsInNsaWRlc2hvdyI6IjhiNGQzY2QifQ%3D%3D\">\n\t\t\t\t\t<div class=\"e-gallery-image elementor-gallery-item__image\" data-thumbnail=\"https:\/\/www.epamig.br\/hortpanc\/wp-content\/uploads\/2025\/01\/Taioba-1-scaled.jpg\" data-width=\"2560\" data-height=\"1920\" aria-label=\"\" role=\"img\" ><\/div>\n\t\t\t\t\t\t\t\t\t\t\t<div class=\"elementor-gallery-item__overlay\"><\/div>\n\t\t\t\t\t\t\t\t\t\t\t\t\t\t\t<div class=\"elementor-gallery-item__content\">\n\t\t\t\t\t\t\t\t\t\t\t\t\t\t<div class=\"elementor-gallery-item__description\">\n\t\t\t\t\t\t\t\t\t\t\t\t\t\t\t\t\t\tTaioba<br>\nXanthosoma sagittifolium (L.) Schott<br>\nFam\u00edlia Araceae\t\t\t\t\t\t\t\t<\/div>\n\t\t\t\t\t\t\t\t\t\t\t\t<\/div>\n\t\t\t\t\t\t\t\t\t<\/a>\n\t\t\t\t\t\t\t<a class=\"e-gallery-item elementor-gallery-item elementor-animated-content\" href=\"https:\/\/www.epamig.br\/hortpanc\/wp-content\/uploads\/2025\/01\/Florada-de-ora-pro-nobis-1-2-scaled.jpg\" data-elementor-open-lightbox=\"yes\" data-elementor-lightbox-slideshow=\"8b4d3cd\" data-elementor-lightbox-description=\"Florada de ora-pro-n\u00f3bis\nPereskia aculeata Mill.\nFam\u00edlia Cactaceae\" data-e-action-hash=\"#elementor-action%3Aaction%3Dlightbox%26settings%3DeyJpZCI6MTI1NCwidXJsIjoiaHR0cHM6XC9cL3d3dy5lcGFtaWcuYnJcL2hvcnRwYW5jXC93cC1jb250ZW50XC91cGxvYWRzXC8yMDI1XC8wMVwvRmxvcmFkYS1kZS1vcmEtcHJvLW5vYmlzLTEtMi1zY2FsZWQuanBnIiwic2xpZGVzaG93IjoiOGI0ZDNjZCJ9\">\n\t\t\t\t\t<div class=\"e-gallery-image elementor-gallery-item__image\" data-thumbnail=\"https:\/\/www.epamig.br\/hortpanc\/wp-content\/uploads\/2025\/01\/Florada-de-ora-pro-nobis-1-2-scaled.jpg\" data-width=\"1920\" data-height=\"2560\" aria-label=\"\" role=\"img\" ><\/div>\n\t\t\t\t\t\t\t\t\t\t\t<div class=\"elementor-gallery-item__overlay\"><\/div>\n\t\t\t\t\t\t\t\t\t\t\t\t\t\t\t<div class=\"elementor-gallery-item__content\">\n\t\t\t\t\t\t\t\t\t\t\t\t\t\t<div class=\"elementor-gallery-item__description\">\n\t\t\t\t\t\t\t\t\t\t\t\t\t\t\t\t\t\tFlorada de ora-pro-n\u00f3bis<br>\nPereskia aculeata Mill.<br>\nFam\u00edlia Cactaceae\t\t\t\t\t\t\t\t<\/div>\n\t\t\t\t\t\t\t\t\t\t\t\t<\/div>\n\t\t\t\t\t\t\t\t\t<\/a>\n\t\t\t\t\t\t\t<a class=\"e-gallery-item elementor-gallery-item elementor-animated-content\" href=\"https:\/\/www.epamig.br\/hortpanc\/wp-content\/uploads\/2025\/01\/Vinagreira-veludo-scaled.jpg\" data-elementor-open-lightbox=\"yes\" data-elementor-lightbox-slideshow=\"8b4d3cd\" data-elementor-lightbox-description=\"Vinagreira veludo\nHibiscus cannabinus L\nFam\u00edlia Malvaceae\" data-e-action-hash=\"#elementor-action%3Aaction%3Dlightbox%26settings%3DeyJpZCI6ODQ0LCJ1cmwiOiJodHRwczpcL1wvd3d3LmVwYW1pZy5iclwvaG9ydHBhbmNcL3dwLWNvbnRlbnRcL3VwbG9hZHNcLzIwMjVcLzAxXC9WaW5hZ3JlaXJhLXZlbHVkby1zY2FsZWQuanBnIiwic2xpZGVzaG93IjoiOGI0ZDNjZCJ9\">\n\t\t\t\t\t<div class=\"e-gallery-image elementor-gallery-item__image\" data-thumbnail=\"https:\/\/www.epamig.br\/hortpanc\/wp-content\/uploads\/2025\/01\/Vinagreira-veludo-scaled.jpg\" data-width=\"2560\" data-height=\"1920\" aria-label=\"\" role=\"img\" ><\/div>\n\t\t\t\t\t\t\t\t\t\t\t<div class=\"elementor-gallery-item__overlay\"><\/div>\n\t\t\t\t\t\t\t\t\t\t\t\t\t\t\t<div class=\"elementor-gallery-item__content\">\n\t\t\t\t\t\t\t\t\t\t\t\t\t\t<div class=\"elementor-gallery-item__description\">\n\t\t\t\t\t\t\t\t\t\t\t\t\t\t\t\t\t\tVinagreira veludo<br>\nHibiscus cannabinus L.<br>\nFam\u00edlia Malvaceae\t\t\t\t\t\t\t\t<\/div>\n\t\t\t\t\t\t\t\t\t\t\t\t<\/div>\n\t\t\t\t\t\t\t\t\t<\/a>\n\t\t\t\t\t\t\t<a class=\"e-gallery-item elementor-gallery-item elementor-animated-content\" href=\"https:\/\/www.epamig.br\/hortpanc\/wp-content\/uploads\/2025\/01\/Tomate-de-arvore-2-scaled.jpg\" data-elementor-open-lightbox=\"yes\" data-elementor-lightbox-slideshow=\"8b4d3cd\" data-elementor-lightbox-description=\"Tomate de \u00e1rvore\nSolanum betaceum Cav.\nFam\u00edlia Solanaceae\" data-e-action-hash=\"#elementor-action%3Aaction%3Dlightbox%26settings%3DeyJpZCI6MTI0NCwidXJsIjoiaHR0cHM6XC9cL3d3dy5lcGFtaWcuYnJcL2hvcnRwYW5jXC93cC1jb250ZW50XC91cGxvYWRzXC8yMDI1XC8wMVwvVG9tYXRlLWRlLWFydm9yZS0yLXNjYWxlZC5qcGciLCJzbGlkZXNob3ciOiI4YjRkM2NkIn0%3D\">\n\t\t\t\t\t<div class=\"e-gallery-image elementor-gallery-item__image\" data-thumbnail=\"https:\/\/www.epamig.br\/hortpanc\/wp-content\/uploads\/2025\/01\/Tomate-de-arvore-2-scaled.jpg\" data-width=\"2560\" data-height=\"1920\" aria-label=\"\" role=\"img\" ><\/div>\n\t\t\t\t\t\t\t\t\t\t\t<div class=\"elementor-gallery-item__overlay\"><\/div>\n\t\t\t\t\t\t\t\t\t\t\t\t\t\t\t<div class=\"elementor-gallery-item__content\">\n\t\t\t\t\t\t\t\t\t\t\t\t\t\t<div class=\"elementor-gallery-item__description\">\n\t\t\t\t\t\t\t\t\t\t\t\t\t\t\t\t\t\tTomate de \u00e1rvore<br>\nSolanum betaceum Cav.<br>\nFam\u00edlia Solanaceae\t\t\t\t\t\t\t\t<\/div>\n\t\t\t\t\t\t\t\t\t\t\t\t<\/div>\n\t\t\t\t\t\t\t\t\t<\/a>\n\t\t\t\t\t\t\t<a class=\"e-gallery-item elementor-gallery-item elementor-animated-content\" href=\"https:\/\/www.epamig.br\/hortpanc\/wp-content\/uploads\/2025\/01\/Cara-moela2-scaled.jpg\" data-elementor-open-lightbox=\"yes\" data-elementor-lightbox-slideshow=\"8b4d3cd\" data-elementor-lightbox-description=\"Car\u00e1-moela, car\u00e1-do-ar\nDioscorea bulbifera L.&lt;br&gt;\nFam\u00edlia Dioscoreaceae\" data-e-action-hash=\"#elementor-action%3Aaction%3Dlightbox%26settings%3DeyJpZCI6MTIzOSwidXJsIjoiaHR0cHM6XC9cL3d3dy5lcGFtaWcuYnJcL2hvcnRwYW5jXC93cC1jb250ZW50XC91cGxvYWRzXC8yMDI1XC8wMVwvQ2FyYS1tb2VsYTItc2NhbGVkLmpwZyIsInNsaWRlc2hvdyI6IjhiNGQzY2QifQ%3D%3D\">\n\t\t\t\t\t<div class=\"e-gallery-image elementor-gallery-item__image\" data-thumbnail=\"https:\/\/www.epamig.br\/hortpanc\/wp-content\/uploads\/2025\/01\/Cara-moela2-scaled.jpg\" data-width=\"1920\" data-height=\"2560\" aria-label=\"\" role=\"img\" ><\/div>\n\t\t\t\t\t\t\t\t\t\t\t<div class=\"elementor-gallery-item__overlay\"><\/div>\n\t\t\t\t\t\t\t\t\t\t\t\t\t\t\t<div class=\"elementor-gallery-item__content\">\n\t\t\t\t\t\t\t\t\t\t\t\t\t\t<div class=\"elementor-gallery-item__description\">\n\t\t\t\t\t\t\t\t\t\t\t\t\t\t\t\t\t\tCar\u00e1-moela, car\u00e1-do-ar<br>\nDioscorea bulbifera L.<br>\nFam\u00edlia Dioscoreaceae\t\t\t\t\t\t\t\t<\/div>\n\t\t\t\t\t\t\t\t\t\t\t\t<\/div>\n\t\t\t\t\t\t\t\t\t<\/a>\n\t\t\t\t\t\t\t<a class=\"e-gallery-item elementor-gallery-item elementor-animated-content\" href=\"https:\/\/www.epamig.br\/hortpanc\/wp-content\/uploads\/2025\/01\/Bertalha-scaled.jpg\" data-elementor-open-lightbox=\"yes\" data-elementor-lightbox-slideshow=\"8b4d3cd\" data-elementor-lightbox-description=\"Bertalha\nBasella alba L.\nFam\u00edlia Basellaceae\" data-e-action-hash=\"#elementor-action%3Aaction%3Dlightbox%26settings%3DeyJpZCI6ODQ4LCJ1cmwiOiJodHRwczpcL1wvd3d3LmVwYW1pZy5iclwvaG9ydHBhbmNcL3dwLWNvbnRlbnRcL3VwbG9hZHNcLzIwMjVcLzAxXC9CZXJ0YWxoYS1zY2FsZWQuanBnIiwic2xpZGVzaG93IjoiOGI0ZDNjZCJ9\">\n\t\t\t\t\t<div class=\"e-gallery-image elementor-gallery-item__image\" data-thumbnail=\"https:\/\/www.epamig.br\/hortpanc\/wp-content\/uploads\/2025\/01\/Bertalha-scaled.jpg\" data-width=\"2560\" data-height=\"1920\" aria-label=\"\" role=\"img\" ><\/div>\n\t\t\t\t\t\t\t\t\t\t\t<div class=\"elementor-gallery-item__overlay\"><\/div>\n\t\t\t\t\t\t\t\t\t\t\t\t\t\t\t<div class=\"elementor-gallery-item__content\">\n\t\t\t\t\t\t\t\t\t\t\t\t\t\t<div class=\"elementor-gallery-item__description\">\n\t\t\t\t\t\t\t\t\t\t\t\t\t\t\t\t\t\tBertalha<br>\nBasella alba L.<br>\nFam\u00edlia Basellaceae\t\t\t\t\t\t\t\t<\/div>\n\t\t\t\t\t\t\t\t\t\t\t\t<\/div>\n\t\t\t\t\t\t\t\t\t<\/a>\n\t\t\t\t\t\t\t<a class=\"e-gallery-item elementor-gallery-item elementor-animated-content\" href=\"https:\/\/www.epamig.br\/hortpanc\/wp-content\/uploads\/2025\/01\/Florada-ora-pro-nobis-2-scaled.jpg\" data-elementor-open-lightbox=\"yes\" data-elementor-lightbox-slideshow=\"8b4d3cd\" data-elementor-lightbox-description=\"Florada ora-pro-n\u00f3bis\nPereskia aculeata Mill.\nFam\u00edlia Cactaceae\" data-e-action-hash=\"#elementor-action%3Aaction%3Dlightbox%26settings%3DeyJpZCI6MTI0MSwidXJsIjoiaHR0cHM6XC9cL3d3dy5lcGFtaWcuYnJcL2hvcnRwYW5jXC93cC1jb250ZW50XC91cGxvYWRzXC8yMDI1XC8wMVwvRmxvcmFkYS1vcmEtcHJvLW5vYmlzLTItc2NhbGVkLmpwZyIsInNsaWRlc2hvdyI6IjhiNGQzY2QifQ%3D%3D\">\n\t\t\t\t\t<div class=\"e-gallery-image elementor-gallery-item__image\" data-thumbnail=\"https:\/\/www.epamig.br\/hortpanc\/wp-content\/uploads\/2025\/01\/Florada-ora-pro-nobis-2-scaled.jpg\" data-width=\"2560\" data-height=\"1920\" aria-label=\"\" role=\"img\" ><\/div>\n\t\t\t\t\t\t\t\t\t\t\t<div class=\"elementor-gallery-item__overlay\"><\/div>\n\t\t\t\t\t\t\t\t\t\t\t\t\t\t\t<div class=\"elementor-gallery-item__content\">\n\t\t\t\t\t\t\t\t\t\t\t\t\t\t<div class=\"elementor-gallery-item__description\">\n\t\t\t\t\t\t\t\t\t\t\t\t\t\t\t\t\t\tFlorada ora-pro-n\u00f3bis<br>\nPereskia aculeata Mill.<br>\nFam\u00edlia Cactaceae\t\t\t\t\t\t\t\t<\/div>\n\t\t\t\t\t\t\t\t\t\t\t\t<\/div>\n\t\t\t\t\t\t\t\t\t<\/a>\n\t\t\t\t\t\t\t<a class=\"e-gallery-item elementor-gallery-item elementor-animated-content\" href=\"https:\/\/www.epamig.br\/hortpanc\/wp-content\/uploads\/2025\/01\/Beldroega1-scaled.jpg\" data-elementor-open-lightbox=\"yes\" data-elementor-lightbox-slideshow=\"8b4d3cd\" data-elementor-lightbox-description=\"Beldroega\nPortulaca oleracea L.\nFam\u00edlia Portulacaceae\" data-e-action-hash=\"#elementor-action%3Aaction%3Dlightbox%26settings%3DeyJpZCI6MTI1NywidXJsIjoiaHR0cHM6XC9cL3d3dy5lcGFtaWcuYnJcL2hvcnRwYW5jXC93cC1jb250ZW50XC91cGxvYWRzXC8yMDI1XC8wMVwvQmVsZHJvZWdhMS1zY2FsZWQuanBnIiwic2xpZGVzaG93IjoiOGI0ZDNjZCJ9\">\n\t\t\t\t\t<div class=\"e-gallery-image elementor-gallery-item__image\" data-thumbnail=\"https:\/\/www.epamig.br\/hortpanc\/wp-content\/uploads\/2025\/01\/Beldroega1-scaled.jpg\" data-width=\"2560\" data-height=\"1707\" aria-label=\"\" role=\"img\" ><\/div>\n\t\t\t\t\t\t\t\t\t\t\t<div class=\"elementor-gallery-item__overlay\"><\/div>\n\t\t\t\t\t\t\t\t\t\t\t\t\t\t\t<div class=\"elementor-gallery-item__content\">\n\t\t\t\t\t\t\t\t\t\t\t\t\t\t<div class=\"elementor-gallery-item__description\">\n\t\t\t\t\t\t\t\t\t\t\t\t\t\t\t\t\t\tBeldroega<br>\nPortulaca oleracea L.<br>\nFam\u00edlia Portulacaceae\t\t\t\t\t\t\t\t<\/div>\n\t\t\t\t\t\t\t\t\t\t\t\t<\/div>\n\t\t\t\t\t\t\t\t\t<\/a>\n\t\t\t\t\t\t\t<a class=\"e-gallery-item elementor-gallery-item elementor-animated-content\" href=\"https:\/\/www.epamig.br\/hortpanc\/wp-content\/uploads\/2025\/01\/Vinagreira-roxa-scaled.jpg\" data-elementor-open-lightbox=\"yes\" data-elementor-lightbox-slideshow=\"8b4d3cd\" data-elementor-lightbox-description=\"Vinagreira roxa\nHibiscus acetosella Welw. ex Hiern\nFam\u00edlia Malvaceae\" data-e-action-hash=\"#elementor-action%3Aaction%3Dlightbox%26settings%3DeyJpZCI6MTI0OSwidXJsIjoiaHR0cHM6XC9cL3d3dy5lcGFtaWcuYnJcL2hvcnRwYW5jXC93cC1jb250ZW50XC91cGxvYWRzXC8yMDI1XC8wMVwvVmluYWdyZWlyYS1yb3hhLXNjYWxlZC5qcGciLCJzbGlkZXNob3ciOiI4YjRkM2NkIn0%3D\">\n\t\t\t\t\t<div class=\"e-gallery-image elementor-gallery-item__image\" data-thumbnail=\"https:\/\/www.epamig.br\/hortpanc\/wp-content\/uploads\/2025\/01\/Vinagreira-roxa-scaled.jpg\" data-width=\"2560\" data-height=\"1920\" aria-label=\"\" role=\"img\" ><\/div>\n\t\t\t\t\t\t\t\t\t\t\t<div class=\"elementor-gallery-item__overlay\"><\/div>\n\t\t\t\t\t\t\t\t\t\t\t\t\t\t\t<div class=\"elementor-gallery-item__content\">\n\t\t\t\t\t\t\t\t\t\t\t\t\t\t<div class=\"elementor-gallery-item__description\">\n\t\t\t\t\t\t\t\t\t\t\t\t\t\t\t\t\t\tVinagreira roxa<br>\nHibiscus acetosella Welw. ex Hiern<br>\nFam\u00edlia Malvaceae\t\t\t\t\t\t\t\t<\/div>\n\t\t\t\t\t\t\t\t\t\t\t\t<\/div>\n\t\t\t\t\t\t\t\t\t<\/a>\n\t\t\t\t\t\t\t<a class=\"e-gallery-item elementor-gallery-item elementor-animated-content\" href=\"https:\/\/www.epamig.br\/hortpanc\/wp-content\/uploads\/2025\/02\/P_aculeata_Botoes_florais_Izabel.png\" data-elementor-open-lightbox=\"yes\" data-elementor-lightbox-slideshow=\"8b4d3cd\" data-elementor-lightbox-description=\"Bot\u00f5es florais de ora-pro-n\u00f3bis\nPereskia aculeata Mill.\nFam\u00edlia Cactaceae\" data-e-action-hash=\"#elementor-action%3Aaction%3Dlightbox%26settings%3DeyJpZCI6MjUwOCwidXJsIjoiaHR0cHM6XC9cL3d3dy5lcGFtaWcuYnJcL2hvcnRwYW5jXC93cC1jb250ZW50XC91cGxvYWRzXC8yMDI1XC8wMlwvUF9hY3VsZWF0YV9Cb3RvZXNfZmxvcmFpc19JemFiZWwucG5nIiwic2xpZGVzaG93IjoiOGI0ZDNjZCJ9\">\n\t\t\t\t\t<div class=\"e-gallery-image elementor-gallery-item__image\" data-thumbnail=\"https:\/\/www.epamig.br\/hortpanc\/wp-content\/uploads\/2025\/02\/P_aculeata_Botoes_florais_Izabel.png\" data-width=\"683\" data-height=\"1000\" aria-label=\"\" role=\"img\" ><\/div>\n\t\t\t\t\t\t\t\t\t\t\t<div class=\"elementor-gallery-item__overlay\"><\/div>\n\t\t\t\t\t\t\t\t\t\t\t\t\t\t\t<div class=\"elementor-gallery-item__content\">\n\t\t\t\t\t\t\t\t\t\t\t\t\t\t<div class=\"elementor-gallery-item__description\">\n\t\t\t\t\t\t\t\t\t\t\t\t\t\t\t\t\t\tBot\u00f5es florais de ora-pro-n\u00f3bis<br>\nPereskia aculeata Mill.<br>\nFam\u00edlia Cactaceae\t\t\t\t\t\t\t\t<\/div>\n\t\t\t\t\t\t\t\t\t\t\t\t<\/div>\n\t\t\t\t\t\t\t\t\t<\/a>\n\t\t\t\t\t\t\t<a class=\"e-gallery-item elementor-gallery-item elementor-animated-content\" href=\"https:\/\/www.epamig.br\/hortpanc\/wp-content\/uploads\/2025\/01\/Capuchinha-cores-scaled.jpg\" data-elementor-open-lightbox=\"yes\" data-elementor-lightbox-slideshow=\"8b4d3cd\" data-elementor-lightbox-description=\"Flores da capuchinha\nTropaeolum majus L.\nFam\u00edlia Tropaeolaceae\" data-e-action-hash=\"#elementor-action%3Aaction%3Dlightbox%26settings%3DeyJpZCI6MTI0MywidXJsIjoiaHR0cHM6XC9cL3d3dy5lcGFtaWcuYnJcL2hvcnRwYW5jXC93cC1jb250ZW50XC91cGxvYWRzXC8yMDI1XC8wMVwvQ2FwdWNoaW5oYS1jb3Jlcy1zY2FsZWQuanBnIiwic2xpZGVzaG93IjoiOGI0ZDNjZCJ9\">\n\t\t\t\t\t<div class=\"e-gallery-image elementor-gallery-item__image\" data-thumbnail=\"https:\/\/www.epamig.br\/hortpanc\/wp-content\/uploads\/2025\/01\/Capuchinha-cores-scaled.jpg\" data-width=\"2560\" data-height=\"1920\" aria-label=\"\" role=\"img\" ><\/div>\n\t\t\t\t\t\t\t\t\t\t\t<div class=\"elementor-gallery-item__overlay\"><\/div>\n\t\t\t\t\t\t\t\t\t\t\t\t\t\t\t<div class=\"elementor-gallery-item__content\">\n\t\t\t\t\t\t\t\t\t\t\t\t\t\t<div class=\"elementor-gallery-item__description\">\n\t\t\t\t\t\t\t\t\t\t\t\t\t\t\t\t\t\tFlores da capuchinha<br>\nTropaeolum majus L.<br>\nFam\u00edlia Tropaeolaceae\t\t\t\t\t\t\t\t<\/div>\n\t\t\t\t\t\t\t\t\t\t\t\t<\/div>\n\t\t\t\t\t\t\t\t\t<\/a>\n\t\t\t\t\t\t\t<a class=\"e-gallery-item elementor-gallery-item elementor-animated-content\" href=\"https:\/\/www.epamig.br\/hortpanc\/wp-content\/uploads\/2025\/01\/ora-pro-nobis-folhas-2-scaled.jpg\" data-elementor-open-lightbox=\"yes\" data-elementor-lightbox-slideshow=\"8b4d3cd\" data-elementor-lightbox-description=\"Ora-pro-n\u00f3bis\nPereskia aculeata Mill.\nFam\u00edlia Cactaceae\" data-e-action-hash=\"#elementor-action%3Aaction%3Dlightbox%26settings%3DeyJpZCI6MTI0NywidXJsIjoiaHR0cHM6XC9cL3d3dy5lcGFtaWcuYnJcL2hvcnRwYW5jXC93cC1jb250ZW50XC91cGxvYWRzXC8yMDI1XC8wMVwvb3JhLXByby1ub2Jpcy1mb2xoYXMtMi1zY2FsZWQuanBnIiwic2xpZGVzaG93IjoiOGI0ZDNjZCJ9\">\n\t\t\t\t\t<div class=\"e-gallery-image elementor-gallery-item__image\" data-thumbnail=\"https:\/\/www.epamig.br\/hortpanc\/wp-content\/uploads\/2025\/01\/ora-pro-nobis-folhas-2-scaled.jpg\" data-width=\"2560\" data-height=\"1920\" aria-label=\"\" role=\"img\" ><\/div>\n\t\t\t\t\t\t\t\t\t\t\t<div class=\"elementor-gallery-item__overlay\"><\/div>\n\t\t\t\t\t\t\t\t\t\t\t\t\t\t\t<div class=\"elementor-gallery-item__content\">\n\t\t\t\t\t\t\t\t\t\t\t\t\t\t<div class=\"elementor-gallery-item__description\">\n\t\t\t\t\t\t\t\t\t\t\t\t\t\t\t\t\t\tOra-pro-n\u00f3bis<br>\nPereskia aculeata Mill.<br>\nFam\u00edlia Cactaceae\t\t\t\t\t\t\t\t<\/div>\n\t\t\t\t\t\t\t\t\t\t\t\t<\/div>\n\t\t\t\t\t\t\t\t\t<\/a>\n\t\t\t\t\t\t\t<a class=\"e-gallery-item elementor-gallery-item elementor-animated-content\" href=\"https:\/\/www.epamig.br\/hortpanc\/wp-content\/uploads\/2025\/01\/2-Taioba-cultivo-protegido-Marinalva-Woods-Pedrosa-scaled.jpg\" data-elementor-open-lightbox=\"yes\" data-elementor-lightbox-slideshow=\"8b4d3cd\" data-elementor-lightbox-description=\"Taioba\nXanthosoma sagittifolium (L.) Schott\nFam\u00edlia Araceae\" data-e-action-hash=\"#elementor-action%3Aaction%3Dlightbox%26settings%3DeyJpZCI6MTA1NiwidXJsIjoiaHR0cHM6XC9cL3d3dy5lcGFtaWcuYnJcL2hvcnRwYW5jXC93cC1jb250ZW50XC91cGxvYWRzXC8yMDI1XC8wMVwvMi1UYWlvYmEtY3VsdGl2by1wcm90ZWdpZG8tTWFyaW5hbHZhLVdvb2RzLVBlZHJvc2Etc2NhbGVkLmpwZyIsInNsaWRlc2hvdyI6IjhiNGQzY2QifQ%3D%3D\">\n\t\t\t\t\t<div class=\"e-gallery-image elementor-gallery-item__image\" data-thumbnail=\"https:\/\/www.epamig.br\/hortpanc\/wp-content\/uploads\/2025\/01\/2-Taioba-cultivo-protegido-Marinalva-Woods-Pedrosa-scaled.jpg\" data-width=\"2560\" data-height=\"1823\" aria-label=\"\" role=\"img\" ><\/div>\n\t\t\t\t\t\t\t\t\t\t\t<div class=\"elementor-gallery-item__overlay\"><\/div>\n\t\t\t\t\t\t\t\t\t\t\t\t\t\t\t<div class=\"elementor-gallery-item__content\">\n\t\t\t\t\t\t\t\t\t\t\t\t\t\t<div class=\"elementor-gallery-item__description\">\n\t\t\t\t\t\t\t\t\t\t\t\t\t\t\t\t\t\tTaioba<br>\nXanthosoma sagittifolium (L.) Schott<br>\nFam\u00edlia Araceae\t\t\t\t\t\t\t\t<\/div>\n\t\t\t\t\t\t\t\t\t\t\t\t<\/div>\n\t\t\t\t\t\t\t\t\t<\/a>\n\t\t\t\t\t\t\t<a class=\"e-gallery-item elementor-gallery-item elementor-animated-content\" href=\"https:\/\/www.epamig.br\/hortpanc\/wp-content\/uploads\/2025\/01\/ora-pro-nobis1.png\" data-elementor-open-lightbox=\"yes\" data-elementor-lightbox-slideshow=\"8b4d3cd\" data-elementor-lightbox-description=\"Ora-pro-n\u00f3bis\nPereskia aculeata Mill.\nFam\u00edlia Cactaceae\" data-e-action-hash=\"#elementor-action%3Aaction%3Dlightbox%26settings%3DeyJpZCI6MTcxNiwidXJsIjoiaHR0cHM6XC9cL3d3dy5lcGFtaWcuYnJcL2hvcnRwYW5jXC93cC1jb250ZW50XC91cGxvYWRzXC8yMDI1XC8wMVwvb3JhLXByby1ub2JpczEucG5nIiwic2xpZGVzaG93IjoiOGI0ZDNjZCJ9\">\n\t\t\t\t\t<div class=\"e-gallery-image elementor-gallery-item__image\" data-thumbnail=\"https:\/\/www.epamig.br\/hortpanc\/wp-content\/uploads\/2025\/01\/ora-pro-nobis1.png\" data-width=\"205\" data-height=\"272\" aria-label=\"\" role=\"img\" ><\/div>\n\t\t\t\t\t\t\t\t\t\t\t<div class=\"elementor-gallery-item__overlay\"><\/div>\n\t\t\t\t\t\t\t\t\t\t\t\t\t\t\t<div class=\"elementor-gallery-item__content\">\n\t\t\t\t\t\t\t\t\t\t\t\t\t\t<div class=\"elementor-gallery-item__description\">\n\t\t\t\t\t\t\t\t\t\t\t\t\t\t\t\t\t\tOra-pro-n\u00f3bis<br>\n<i>Pereskia aculeata Mill.<br><\/i>\nFam\u00edlia Cactaceae\t\t\t\t\t\t\t\t<\/div>\n\t\t\t\t\t\t\t\t\t\t\t\t<\/div>\n\t\t\t\t\t\t\t\t\t<\/a>\n\t\t\t\t\t\t\t<a class=\"e-gallery-item elementor-gallery-item elementor-animated-content\" href=\"https:\/\/www.epamig.br\/hortpanc\/wp-content\/uploads\/2025\/01\/Peixinho-frito-scaled.jpg\" data-elementor-open-lightbox=\"yes\" data-elementor-lightbox-slideshow=\"8b4d3cd\" data-elementor-lightbox-description=\"Peixinho da horta\nStachys byzantina K.Koch\nFam\u00edlia Lamiaceae\" data-e-action-hash=\"#elementor-action%3Aaction%3Dlightbox%26settings%3DeyJpZCI6MTI1MSwidXJsIjoiaHR0cHM6XC9cL3d3dy5lcGFtaWcuYnJcL2hvcnRwYW5jXC93cC1jb250ZW50XC91cGxvYWRzXC8yMDI1XC8wMVwvUGVpeGluaG8tZnJpdG8tc2NhbGVkLmpwZyIsInNsaWRlc2hvdyI6IjhiNGQzY2QifQ%3D%3D\">\n\t\t\t\t\t<div class=\"e-gallery-image elementor-gallery-item__image\" data-thumbnail=\"https:\/\/www.epamig.br\/hortpanc\/wp-content\/uploads\/2025\/01\/Peixinho-frito-scaled.jpg\" data-width=\"1920\" data-height=\"2560\" aria-label=\"\" role=\"img\" ><\/div>\n\t\t\t\t\t\t\t\t\t\t\t<div class=\"elementor-gallery-item__overlay\"><\/div>\n\t\t\t\t\t\t\t\t\t\t\t\t\t\t\t<div class=\"elementor-gallery-item__content\">\n\t\t\t\t\t\t\t\t\t\t\t\t\t\t<div class=\"elementor-gallery-item__description\">\n\t\t\t\t\t\t\t\t\t\t\t\t\t\t\t\t\t\tPeixinho da horta<br>\nStachys byzantina K.Koch<br>\nFam\u00edlia Lamiaceae\t\t\t\t\t\t\t\t<\/div>\n\t\t\t\t\t\t\t\t\t\t\t\t<\/div>\n\t\t\t\t\t\t\t\t\t<\/a>\n\t\t\t\t\t\t\t<a class=\"e-gallery-item elementor-gallery-item elementor-animated-content\" href=\"https:\/\/www.epamig.br\/hortpanc\/wp-content\/uploads\/2025\/01\/6-Azedinha-CESR-Marinalva-Woods-Pedrosa-scaled.jpg\" data-elementor-open-lightbox=\"yes\" data-elementor-lightbox-slideshow=\"8b4d3cd\" data-elementor-lightbox-description=\"Azedinha\nRumex acetosa L.\nFam\u00edlia Polygonaceae\" data-e-action-hash=\"#elementor-action%3Aaction%3Dlightbox%26settings%3DeyJpZCI6MTA2MCwidXJsIjoiaHR0cHM6XC9cL3d3dy5lcGFtaWcuYnJcL2hvcnRwYW5jXC93cC1jb250ZW50XC91cGxvYWRzXC8yMDI1XC8wMVwvNi1BemVkaW5oYS1DRVNSLU1hcmluYWx2YS1Xb29kcy1QZWRyb3NhLXNjYWxlZC5qcGciLCJzbGlkZXNob3ciOiI4YjRkM2NkIn0%3D\">\n\t\t\t\t\t<div class=\"e-gallery-image elementor-gallery-item__image\" data-thumbnail=\"https:\/\/www.epamig.br\/hortpanc\/wp-content\/uploads\/2025\/01\/6-Azedinha-CESR-Marinalva-Woods-Pedrosa-scaled.jpg\" data-width=\"2560\" data-height=\"1920\" aria-label=\"\" role=\"img\" ><\/div>\n\t\t\t\t\t\t\t\t\t\t\t<div class=\"elementor-gallery-item__overlay\"><\/div>\n\t\t\t\t\t\t\t\t\t\t\t\t\t\t\t<div class=\"elementor-gallery-item__content\">\n\t\t\t\t\t\t\t\t\t\t\t\t\t\t<div class=\"elementor-gallery-item__description\">\n\t\t\t\t\t\t\t\t\t\t\t\t\t\t\t\t\t\tAzedinha\n<br>\nRumex acetosa L.\n<br>\nFam\u00edlia Polygonaceae\t\t\t\t\t\t\t\t<\/div>\n\t\t\t\t\t\t\t\t\t\t\t\t<\/div>\n\t\t\t\t\t\t\t\t\t<\/a>\n\t\t\t\t\t\t\t<a class=\"e-gallery-item elementor-gallery-item elementor-animated-content\" href=\"https:\/\/www.epamig.br\/hortpanc\/wp-content\/uploads\/2025\/01\/Jiquiri-scaled.jpg\" data-elementor-open-lightbox=\"yes\" data-elementor-lightbox-slideshow=\"8b4d3cd\" data-elementor-lightbox-description=\"Jiquiri\nSolanum alternopinnatum Steud.\nFam\u00edlia Solanaceae\" data-e-action-hash=\"#elementor-action%3Aaction%3Dlightbox%26settings%3DeyJpZCI6ODQxLCJ1cmwiOiJodHRwczpcL1wvd3d3LmVwYW1pZy5iclwvaG9ydHBhbmNcL3dwLWNvbnRlbnRcL3VwbG9hZHNcLzIwMjVcLzAxXC9KaXF1aXJpLXNjYWxlZC5qcGciLCJzbGlkZXNob3ciOiI4YjRkM2NkIn0%3D\">\n\t\t\t\t\t<div class=\"e-gallery-image elementor-gallery-item__image\" data-thumbnail=\"https:\/\/www.epamig.br\/hortpanc\/wp-content\/uploads\/2025\/01\/Jiquiri-scaled.jpg\" data-width=\"2560\" data-height=\"1707\" aria-label=\"\" role=\"img\" ><\/div>\n\t\t\t\t\t\t\t\t\t\t\t<div class=\"elementor-gallery-item__overlay\"><\/div>\n\t\t\t\t\t\t\t\t\t\t\t\t\t\t\t<div class=\"elementor-gallery-item__content\">\n\t\t\t\t\t\t\t\t\t\t\t\t\t\t<div class=\"elementor-gallery-item__description\">\n\t\t\t\t\t\t\t\t\t\t\t\t\t\t\t\t\t\tJiquiri<br>\nSolanum alternopinnatum Steud.<br>\nFam\u00edlia Solanaceae\t\t\t\t\t\t\t\t<\/div>\n\t\t\t\t\t\t\t\t\t\t\t\t<\/div>\n\t\t\t\t\t\t\t\t\t<\/a>\n\t\t\t\t\t\t\t<a class=\"e-gallery-item elementor-gallery-item elementor-animated-content\" href=\"https:\/\/www.epamig.br\/hortpanc\/wp-content\/uploads\/2025\/01\/Araruta-scaled.jpg\" data-elementor-open-lightbox=\"yes\" data-elementor-lightbox-slideshow=\"8b4d3cd\" data-elementor-lightbox-description=\"Araruta\nMaranta arundinacea L.\nFam\u00edlia Marantaceae\" data-e-action-hash=\"#elementor-action%3Aaction%3Dlightbox%26settings%3DeyJpZCI6ODUxLCJ1cmwiOiJodHRwczpcL1wvd3d3LmVwYW1pZy5iclwvaG9ydHBhbmNcL3dwLWNvbnRlbnRcL3VwbG9hZHNcLzIwMjVcLzAxXC9BcmFydXRhLXNjYWxlZC5qcGciLCJzbGlkZXNob3ciOiI4YjRkM2NkIn0%3D\">\n\t\t\t\t\t<div class=\"e-gallery-image elementor-gallery-item__image\" data-thumbnail=\"https:\/\/www.epamig.br\/hortpanc\/wp-content\/uploads\/2025\/01\/Araruta-scaled.jpg\" data-width=\"2560\" data-height=\"1920\" aria-label=\"\" role=\"img\" ><\/div>\n\t\t\t\t\t\t\t\t\t\t\t<div class=\"elementor-gallery-item__overlay\"><\/div>\n\t\t\t\t\t\t\t\t\t\t\t\t\t\t\t<div class=\"elementor-gallery-item__content\">\n\t\t\t\t\t\t\t\t\t\t\t\t\t\t<div class=\"elementor-gallery-item__description\">\n\t\t\t\t\t\t\t\t\t\t\t\t\t\t\t\t\t\tAraruta<br>\nMaranta arundinacea L.<br>\nFam\u00edlia Marantaceae\t\t\t\t\t\t\t\t<\/div>\n\t\t\t\t\t\t\t\t\t\t\t\t<\/div>\n\t\t\t\t\t\t\t\t\t<\/a>\n\t\t\t\t\t\t\t<a class=\"e-gallery-item elementor-gallery-item elementor-animated-content\" href=\"https:\/\/www.epamig.br\/hortpanc\/wp-content\/uploads\/2025\/01\/Capuchinha1-scaled.jpg\" data-elementor-open-lightbox=\"yes\" data-elementor-lightbox-slideshow=\"8b4d3cd\" data-elementor-lightbox-description=\"Capuchinha\nTropaeolum majus L.\nFam\u00edlia Tropaeolaceae\" data-e-action-hash=\"#elementor-action%3Aaction%3Dlightbox%26settings%3DeyJpZCI6ODU1LCJ1cmwiOiJodHRwczpcL1wvd3d3LmVwYW1pZy5iclwvaG9ydHBhbmNcL3dwLWNvbnRlbnRcL3VwbG9hZHNcLzIwMjVcLzAxXC9DYXB1Y2hpbmhhMS1zY2FsZWQuanBnIiwic2xpZGVzaG93IjoiOGI0ZDNjZCJ9\">\n\t\t\t\t\t<div class=\"e-gallery-image elementor-gallery-item__image\" data-thumbnail=\"https:\/\/www.epamig.br\/hortpanc\/wp-content\/uploads\/2025\/01\/Capuchinha1-scaled.jpg\" data-width=\"2560\" data-height=\"1920\" aria-label=\"\" role=\"img\" ><\/div>\n\t\t\t\t\t\t\t\t\t\t\t<div class=\"elementor-gallery-item__overlay\"><\/div>\n\t\t\t\t\t\t\t\t\t\t\t\t\t\t\t<div class=\"elementor-gallery-item__content\">\n\t\t\t\t\t\t\t\t\t\t\t\t\t\t<div class=\"elementor-gallery-item__description\">\n\t\t\t\t\t\t\t\t\t\t\t\t\t\t\t\t\t\tCapuchinha\n<br>\nTropaeolum majus L.<br>\nFam\u00edlia Tropaeolaceae\t\t\t\t\t\t\t\t<\/div>\n\t\t\t\t\t\t\t\t\t\t\t\t<\/div>\n\t\t\t\t\t\t\t\t\t<\/a>\n\t\t\t\t\t\t\t<a class=\"e-gallery-item elementor-gallery-item elementor-animated-content\" href=\"https:\/\/www.epamig.br\/hortpanc\/wp-content\/uploads\/2025\/02\/Taioba-cultivo-scaled.jpg\" data-elementor-open-lightbox=\"yes\" data-elementor-lightbox-slideshow=\"8b4d3cd\" data-elementor-lightbox-description=\"Taioba\nXanthosoma sagittifolium (L.) Schott\nFam\u00edlia Araceae\" data-e-action-hash=\"#elementor-action%3Aaction%3Dlightbox%26settings%3DeyJpZCI6MzIxMiwidXJsIjoiaHR0cHM6XC9cL3d3dy5lcGFtaWcuYnJcL2hvcnRwYW5jXC93cC1jb250ZW50XC91cGxvYWRzXC8yMDI1XC8wMlwvVGFpb2JhLWN1bHRpdm8tc2NhbGVkLmpwZyIsInNsaWRlc2hvdyI6IjhiNGQzY2QifQ%3D%3D\">\n\t\t\t\t\t<div class=\"e-gallery-image elementor-gallery-item__image\" data-thumbnail=\"https:\/\/www.epamig.br\/hortpanc\/wp-content\/uploads\/2025\/02\/Taioba-cultivo-scaled.jpg\" data-width=\"2560\" data-height=\"1920\" aria-label=\"\" role=\"img\" ><\/div>\n\t\t\t\t\t\t\t\t\t\t\t<div class=\"elementor-gallery-item__overlay\"><\/div>\n\t\t\t\t\t\t\t\t\t\t\t\t\t\t\t<div class=\"elementor-gallery-item__content\">\n\t\t\t\t\t\t\t\t\t\t\t\t\t\t<div class=\"elementor-gallery-item__description\">\n\t\t\t\t\t\t\t\t\t\t\t\t\t\t\t\t\t\tTaioba<br>\nXanthosoma sagittifolium (L.) Schott<br>\nFam\u00edlia Araceae\t\t\t\t\t\t\t\t<\/div>\n\t\t\t\t\t\t\t\t\t\t\t\t<\/div>\n\t\t\t\t\t\t\t\t\t<\/a>\n\t\t\t\t\t\t\t<a class=\"e-gallery-item elementor-gallery-item elementor-animated-content\" href=\"https:\/\/www.epamig.br\/hortpanc\/wp-content\/uploads\/2025\/01\/Cultivo-consorciado-alface-azedinha-e-hortela-scaled.jpg\" data-elementor-open-lightbox=\"yes\" data-elementor-lightbox-slideshow=\"8b4d3cd\" data-elementor-lightbox-description=\"Cultivo consorciado alface azedinha e hortel\u00e3\n\nAlface\nLactuca sativa L.\nFam\u00edlia Asteraceae\n\nAzedinha\nRumex acetosa L.\nFam\u00edlia Polygonaceae\n\nHortel\u00e3\nMentha sp.\nFam\u00edlia Lamiaceae\" data-e-action-hash=\"#elementor-action%3Aaction%3Dlightbox%26settings%3DeyJpZCI6MTI1MCwidXJsIjoiaHR0cHM6XC9cL3d3dy5lcGFtaWcuYnJcL2hvcnRwYW5jXC93cC1jb250ZW50XC91cGxvYWRzXC8yMDI1XC8wMVwvQ3VsdGl2by1jb25zb3JjaWFkby1hbGZhY2UtYXplZGluaGEtZS1ob3J0ZWxhLXNjYWxlZC5qcGciLCJzbGlkZXNob3ciOiI4YjRkM2NkIn0%3D\">\n\t\t\t\t\t<div class=\"e-gallery-image elementor-gallery-item__image\" data-thumbnail=\"https:\/\/www.epamig.br\/hortpanc\/wp-content\/uploads\/2025\/01\/Cultivo-consorciado-alface-azedinha-e-hortela-scaled.jpg\" data-width=\"1920\" data-height=\"2560\" aria-label=\"\" role=\"img\" ><\/div>\n\t\t\t\t\t\t\t\t\t\t\t<div class=\"elementor-gallery-item__overlay\"><\/div>\n\t\t\t\t\t\t\t\t\t\t\t\t\t\t\t<div class=\"elementor-gallery-item__content\">\n\t\t\t\t\t\t\t\t\t\t\t\t\t\t<div class=\"elementor-gallery-item__description\">\n\t\t\t\t\t\t\t\t\t\t\t\t\t\t\t\t\t\tCultivo consorciado alface azedinha e hortel\u00e3<br>\nAlface<br>\nLactuca sativa L.\n<br>Fam\u00edlia Asteraceae\n<br>\nAzedinha<br>\nRumex acetosa L. \n<br>Fam\u00edlia Polygonaceae\n<br>\nHortel\u00e3<br>\nMentha sp. \n<br>Fam\u00edlia Lamiaceae\t\t\t\t\t\t\t\t<\/div>\n\t\t\t\t\t\t\t\t\t\t\t\t<\/div>\n\t\t\t\t\t\t\t\t\t<\/a>\n\t\t\t\t\t\t\t<a class=\"e-gallery-item elementor-gallery-item elementor-animated-content\" href=\"https:\/\/www.epamig.br\/hortpanc\/wp-content\/uploads\/2025\/02\/Horta-Quintal-132647-scaled.jpg\" data-elementor-open-lightbox=\"yes\" data-elementor-lightbox-slideshow=\"8b4d3cd\" data-elementor-lightbox-description=\"Plantas arom\u00e1ticas\n\nAlecrim\nRosmarinus officinalis L.\nFam\u00edlia Lamiaceae\n\nManjeric\u00e3o\nOcimum basilicum L.\nFam\u00edlia Lamiaceae\n\nLavanda\nLavandula dentata L.\nFam\u00edlia Lamiaceae\" data-e-action-hash=\"#elementor-action%3Aaction%3Dlightbox%26settings%3DeyJpZCI6MzIxNiwidXJsIjoiaHR0cHM6XC9cL3d3dy5lcGFtaWcuYnJcL2hvcnRwYW5jXC93cC1jb250ZW50XC91cGxvYWRzXC8yMDI1XC8wMlwvSG9ydGEtUXVpbnRhbC0xMzI2NDctc2NhbGVkLmpwZyIsInNsaWRlc2hvdyI6IjhiNGQzY2QifQ%3D%3D\">\n\t\t\t\t\t<div class=\"e-gallery-image elementor-gallery-item__image\" data-thumbnail=\"https:\/\/www.epamig.br\/hortpanc\/wp-content\/uploads\/2025\/02\/Horta-Quintal-132647-scaled.jpg\" data-width=\"2560\" data-height=\"1920\" aria-label=\"\" role=\"img\" ><\/div>\n\t\t\t\t\t\t\t\t\t\t\t<div class=\"elementor-gallery-item__overlay\"><\/div>\n\t\t\t\t\t\t\t\t\t\t\t\t\t\t\t<div class=\"elementor-gallery-item__content\">\n\t\t\t\t\t\t\t\t\t\t\t\t\t\t<div class=\"elementor-gallery-item__description\">\n\t\t\t\t\t\t\t\t\t\t\t\t\t\t\t\t\t\tPlantas arom\u00e1ticas<br>\nAlecrim<br>\nRosmarinus officinalis L.<br>\nFam\u00edlia Lamiaceae\n\nManjeric\u00e3o\n<br>Ocimum basilicum L.<br>\nFam\u00edlia Lamiaceae\n<br>\nLavanda\n<br>Lavandula dentata L.<br>\nFam\u00edlia Lamiaceae\t\t\t\t\t\t\t\t<\/div>\n\t\t\t\t\t\t\t\t\t\t\t\t<\/div>\n\t\t\t\t\t\t\t\t\t<\/a>\n\t\t\t\t\t\t\t<a class=\"e-gallery-item elementor-gallery-item elementor-animated-content\" href=\"https:\/\/www.epamig.br\/hortpanc\/wp-content\/uploads\/2025\/01\/Vinagreira-verde-ceu-azul-scaled.jpg\" data-elementor-open-lightbox=\"yes\" data-elementor-lightbox-slideshow=\"8b4d3cd\" data-elementor-lightbox-description=\"Vinagreira verde c\u00e9u azul\nHibiscus sabdariffa L.\nFam\u00edlia Malvaceae\" data-e-action-hash=\"#elementor-action%3Aaction%3Dlightbox%26settings%3DeyJpZCI6MTIyOCwidXJsIjoiaHR0cHM6XC9cL3d3dy5lcGFtaWcuYnJcL2hvcnRwYW5jXC93cC1jb250ZW50XC91cGxvYWRzXC8yMDI1XC8wMVwvVmluYWdyZWlyYS12ZXJkZS1jZXUtYXp1bC1zY2FsZWQuanBnIiwic2xpZGVzaG93IjoiOGI0ZDNjZCJ9\">\n\t\t\t\t\t<div class=\"e-gallery-image elementor-gallery-item__image\" data-thumbnail=\"https:\/\/www.epamig.br\/hortpanc\/wp-content\/uploads\/2025\/01\/Vinagreira-verde-ceu-azul-scaled.jpg\" data-width=\"1920\" data-height=\"2560\" aria-label=\"\" role=\"img\" ><\/div>\n\t\t\t\t\t\t\t\t\t\t\t<div class=\"elementor-gallery-item__overlay\"><\/div>\n\t\t\t\t\t\t\t\t\t\t\t\t\t\t\t<div class=\"elementor-gallery-item__content\">\n\t\t\t\t\t\t\t\t\t\t\t\t\t\t<div class=\"elementor-gallery-item__description\">\n\t\t\t\t\t\t\t\t\t\t\t\t\t\t\t\t\t\tVinagreira verde c\u00e9u azul<br>\nHibiscus sabdariffa L.<br>\nFam\u00edlia Malvaceae\t\t\t\t\t\t\t\t<\/div>\n\t\t\t\t\t\t\t\t\t\t\t\t<\/div>\n\t\t\t\t\t\t\t\t\t<\/a>\n\t\t\t\t\t\t\t<a class=\"e-gallery-item elementor-gallery-item elementor-animated-content\" href=\"https:\/\/www.epamig.br\/hortpanc\/wp-content\/uploads\/2025\/01\/Peixinho-scaled.jpg\" data-elementor-open-lightbox=\"yes\" data-elementor-lightbox-slideshow=\"8b4d3cd\" data-elementor-lightbox-description=\"Peixinho da horta\nStachys byzantina K.Koch\nFam\u00edlia Lamiaceae\" data-e-action-hash=\"#elementor-action%3Aaction%3Dlightbox%26settings%3DeyJpZCI6MTIzMiwidXJsIjoiaHR0cHM6XC9cL3d3dy5lcGFtaWcuYnJcL2hvcnRwYW5jXC93cC1jb250ZW50XC91cGxvYWRzXC8yMDI1XC8wMVwvUGVpeGluaG8tc2NhbGVkLmpwZyIsInNsaWRlc2hvdyI6IjhiNGQzY2QifQ%3D%3D\">\n\t\t\t\t\t<div class=\"e-gallery-image elementor-gallery-item__image\" data-thumbnail=\"https:\/\/www.epamig.br\/hortpanc\/wp-content\/uploads\/2025\/01\/Peixinho-scaled.jpg\" data-width=\"2560\" data-height=\"1920\" aria-label=\"\" role=\"img\" ><\/div>\n\t\t\t\t\t\t\t\t\t\t\t<div class=\"elementor-gallery-item__overlay\"><\/div>\n\t\t\t\t\t\t\t\t\t\t\t\t\t\t\t<div class=\"elementor-gallery-item__content\">\n\t\t\t\t\t\t\t\t\t\t\t\t\t\t<div class=\"elementor-gallery-item__description\">\n\t\t\t\t\t\t\t\t\t\t\t\t\t\t\t\t\t\tPeixinho da horta<br>\nStachys byzantina K.Koch<br>\nFam\u00edlia Lamiaceae\t\t\t\t\t\t\t\t<\/div>\n\t\t\t\t\t\t\t\t\t\t\t\t<\/div>\n\t\t\t\t\t\t\t\t\t<\/a>\n\t\t\t\t\t\t\t<a class=\"e-gallery-item elementor-gallery-item elementor-animated-content\" href=\"https:\/\/www.epamig.br\/hortpanc\/wp-content\/uploads\/2025\/01\/Consorcio-capuchinha-e-azedinha-2-scaled.jpg\" data-elementor-open-lightbox=\"yes\" data-elementor-lightbox-slideshow=\"8b4d3cd\" data-elementor-lightbox-description=\"Capuchinha\nTropaeolum majus L.\nFam\u00edlia Tropaeolaceae\nAzedinha\nRumex acetosa L.\nFam\u00edlia Polygonaceae\" data-e-action-hash=\"#elementor-action%3Aaction%3Dlightbox%26settings%3DeyJpZCI6MTI0MiwidXJsIjoiaHR0cHM6XC9cL3d3dy5lcGFtaWcuYnJcL2hvcnRwYW5jXC93cC1jb250ZW50XC91cGxvYWRzXC8yMDI1XC8wMVwvQ29uc29yY2lvLWNhcHVjaGluaGEtZS1hemVkaW5oYS0yLXNjYWxlZC5qcGciLCJzbGlkZXNob3ciOiI4YjRkM2NkIn0%3D\">\n\t\t\t\t\t<div class=\"e-gallery-image elementor-gallery-item__image\" data-thumbnail=\"https:\/\/www.epamig.br\/hortpanc\/wp-content\/uploads\/2025\/01\/Consorcio-capuchinha-e-azedinha-2-scaled.jpg\" data-width=\"2560\" data-height=\"1920\" aria-label=\"\" role=\"img\" ><\/div>\n\t\t\t\t\t\t\t\t\t\t\t<div class=\"elementor-gallery-item__overlay\"><\/div>\n\t\t\t\t\t\t\t\t\t\t\t\t\t\t\t<div class=\"elementor-gallery-item__content\">\n\t\t\t\t\t\t\t\t\t\t\t\t\t\t<div class=\"elementor-gallery-item__description\">\n\t\t\t\t\t\t\t\t\t\t\t\t\t\t\t\t\t\tConsorcio capuchinha e azedinha<br>\nTropaeolum majus L.<br>\nFam\u00edlia Tropaeolaceae<br>\nAzedinha<br>\nRumex acetosa L.<br>\nFam\u00edlia Polygonaceae\t\t\t\t\t\t\t\t<\/div>\n\t\t\t\t\t\t\t\t\t\t\t\t<\/div>\n\t\t\t\t\t\t\t\t\t<\/a>\n\t\t\t\t\t\t\t<a class=\"e-gallery-item elementor-gallery-item elementor-animated-content\" href=\"https:\/\/www.epamig.br\/hortpanc\/wp-content\/uploads\/2025\/01\/taioba_panc2.png\" data-elementor-open-lightbox=\"yes\" data-elementor-lightbox-slideshow=\"8b4d3cd\" data-elementor-lightbox-description=\"Taioba\nXanthosoma sagittifolium (L.) Schott\nFam\u00edlia Araceae\" data-e-action-hash=\"#elementor-action%3Aaction%3Dlightbox%26settings%3DeyJpZCI6MTcwMCwidXJsIjoiaHR0cHM6XC9cL3d3dy5lcGFtaWcuYnJcL2hvcnRwYW5jXC93cC1jb250ZW50XC91cGxvYWRzXC8yMDI1XC8wMVwvdGFpb2JhX3BhbmMyLnBuZyIsInNsaWRlc2hvdyI6IjhiNGQzY2QifQ%3D%3D\">\n\t\t\t\t\t<div class=\"e-gallery-image elementor-gallery-item__image\" data-thumbnail=\"https:\/\/www.epamig.br\/hortpanc\/wp-content\/uploads\/2025\/01\/taioba_panc2.png\" data-width=\"219\" data-height=\"292\" aria-label=\"\" role=\"img\" ><\/div>\n\t\t\t\t\t\t\t\t\t\t\t<div class=\"elementor-gallery-item__overlay\"><\/div>\n\t\t\t\t\t\t\t\t\t\t\t\t\t\t\t<div class=\"elementor-gallery-item__content\">\n\t\t\t\t\t\t\t\t\t\t\t\t\t\t<div class=\"elementor-gallery-item__description\">\n\t\t\t\t\t\t\t\t\t\t\t\t\t\t\t\t\t\tTaioba<br>\nXanthosoma sagittifolium (L.) Schott<br>\nFam\u00edlia Araceae\t\t\t\t\t\t\t\t<\/div>\n\t\t\t\t\t\t\t\t\t\t\t\t<\/div>\n\t\t\t\t\t\t\t\t\t<\/a>\n\t\t\t\t\t<\/div>\n\t\t\t\t\t<\/div>\n\t\t\t\t\t<\/div>\n\t\t\t\t<\/div>\n\t\t\t\t<\/div>\n\t\t","protected":false},"excerpt":{"rendered":"<p>Voltar Voltar Taioba Xanthosoma sagittifolium (L.) Schott Fam\u00edlia Araceae Taioba Xanthosoma sagittifolium (L.) Schott Fam\u00edlia Araceae Ramos de ora-pro-n\u00f3bis Pereskia grandifolia Fam\u00edlia Cactaceae Ora-pro-n\u00f3bis Pereskia aculeata Mill. Fam\u00edlia Cactaceae Flor de jacatup\u00e9 Pachyrhizus tuberosus (Lam.) Spreng. Fam\u00edlia Fabaceae Car\u00e1-moela, car\u00e1-do-ar Dioscorea bulbifera L. Fam\u00edlia Dioscoreaceae Ora-pro-n\u00f3bis Pereskia aculeata Mill. Fam\u00edlia Cactaceae Ramos de ora-pro-n\u00f3bis Pereskia [&hellip;]<\/p>\n","protected":false},"author":1,"featured_media":0,"parent":0,"menu_order":0,"comment_status":"closed","ping_status":"closed","template":"","meta":{"footnotes":""},"class_list":["post-1189","page","type-page","status-publish","hentry"],"_links":{"self":[{"href":"https:\/\/www.epamig.br\/hortpanc\/wp-json\/wp\/v2\/pages\/1189","targetHints":{"allow":["GET"]}}],"collection":[{"href":"https:\/\/www.epamig.br\/hortpanc\/wp-json\/wp\/v2\/pages"}],"about":[{"href":"https:\/\/www.epamig.br\/hortpanc\/wp-json\/wp\/v2\/types\/page"}],"author":[{"embeddable":true,"href":"https:\/\/www.epamig.br\/hortpanc\/wp-json\/wp\/v2\/users\/1"}],"replies":[{"embeddable":true,"href":"https:\/\/www.epamig.br\/hortpanc\/wp-json\/wp\/v2\/comments?post=1189"}],"version-history":[{"count":0,"href":"https:\/\/www.epamig.br\/hortpanc\/wp-json\/wp\/v2\/pages\/1189\/revisions"}],"wp:attachment":[{"href":"https:\/\/www.epamig.br\/hortpanc\/wp-json\/wp\/v2\/media?parent=1189"}],"curies":[{"name":"wp","href":"https:\/\/api.w.org\/{rel}","templated":true}]}}