{"id":1656,"date":"2025-01-30T17:35:48","date_gmt":"2025-01-30T20:35:48","guid":{"rendered":"https:\/\/www.epamig.br\/hortpanc\/?page_id=1656"},"modified":"2025-02-24T19:45:17","modified_gmt":"2025-02-24T22:45:17","slug":"sobre-o-evento","status":"publish","type":"page","link":"https:\/\/www.epamig.br\/hortpanc\/sobre-o-evento\/","title":{"rendered":"Sobre o evento"},"content":{"rendered":"\t\t<div data-elementor-type=\"wp-page\" data-elementor-id=\"1656\" class=\"elementor elementor-1656\" data-elementor-settings=\"{&quot;ha_cmc_init_switcher&quot;:&quot;no&quot;}\" data-elementor-post-type=\"page\">\n\t\t\t\t<div class=\"elementor-element elementor-element-cdf8293 e-flex e-con-boxed e-con e-parent\" data-id=\"cdf8293\" data-element_type=\"container\" data-e-type=\"container\" data-settings=\"{&quot;background_background&quot;:&quot;classic&quot;,&quot;jet_parallax_layout_list&quot;:[],&quot;_ha_eqh_enable&quot;:false}\">\n\t\t\t\t\t<div class=\"e-con-inner\">\n\t\t<div class=\"elementor-element elementor-element-d57721e e-con-full e-flex e-con e-child\" data-id=\"d57721e\" data-element_type=\"container\" data-e-type=\"container\" data-settings=\"{&quot;jet_parallax_layout_list&quot;:[],&quot;_ha_eqh_enable&quot;:false}\">\n\t\t\t\t<div class=\"elementor-element elementor-element-432108b elementor-widget__width-initial elementor-widget elementor-widget-heading\" data-id=\"432108b\" data-element_type=\"widget\" data-e-type=\"widget\" data-widget_type=\"heading.default\">\n\t\t\t\t\t<h2 class=\"elementor-heading-title elementor-size-default\">Sobre o Encontro Nacional de Hortali\u00e7as N\u00e3o Convencionais (HortPANC)<\/h2>\t\t\t\t<\/div>\n\t\t\t\t<div class=\"elementor-element elementor-element-e4c03cc elementor-widget__width-initial elementor-widget elementor-widget-jet-button\" data-id=\"e4c03cc\" data-element_type=\"widget\" data-e-type=\"widget\" data-widget_type=\"jet-button.default\">\n\t\t\t\t<div class=\"elementor-widget-container\">\n\t\t\t\t\t<div class=\"elementor-jet-button jet-elements\"><div class=\"jet-button__container\">\n\t<a class=\"jet-button__instance jet-button__instance--icon-left hover-effect-1\" href=\"https:\/\/www.epamig.br\/hortpanc\">\n\t\t<div class=\"jet-button__plane jet-button__plane-normal\"><\/div>\n\t\t<div class=\"jet-button__plane jet-button__plane-hover\"><\/div>\n\t\t<div class=\"jet-button__state jet-button__state-normal\">\n\t\t\t<span class=\"jet-button__label\">Voltar<\/span>\t\t<\/div>\n\t\t<div class=\"jet-button__state jet-button__state-hover\">\n\t\t\t<span class=\"jet-button__label\">Voltar<\/span>\t\t<\/div>\n\t<\/a>\n<\/div>\n<\/div>\t\t\t\t<\/div>\n\t\t\t\t<\/div>\n\t\t\t\t<div class=\"elementor-element elementor-element-1bbaa91 elementor-widget elementor-widget-text-editor\" data-id=\"1bbaa91\" data-element_type=\"widget\" data-e-type=\"widget\" data-widget_type=\"text-editor.default\">\n\t\t\t\t\t\t\t\t\t<p>O <b>HortPANC &#8211; Encontro Nacional de Hortali\u00e7as N\u00e3o Convencionais<\/b> \u2013 \u00e9 um evento nacional, itinerante, idealizado para reunir pessoas das v\u00e1rias \u00e1reas do conhecimento para discutir temas relacionados \u00e0s hortali\u00e7as PANC e seu papel na soberania e seguran\u00e7a alimentar e nutricional. O 1\u00ba HortPANC foi realizado em 2017 pela\u00a0<a href=\"https:\/\/www.embrapa.br\/hortalicas\" target=\"_blank\" rel=\"nofollow noopener\">Embrapa Hortali\u00e7as<\/a>, em Bras\u00edlia-DF. O pesquisador Nuno Rodrigo Madeira, da Embrapa Hortali\u00e7as, \u00e9 o curador do evento. Os demais foram realizados em S\u00e3o Paulo &#8211; SP, Curitiba-PR, Salvador-BA (virtual em fun\u00e7\u00e3o da pandemia da Covid-19), Bras\u00edlia- DF, Campinas e Jundia\u00ed-SP e S\u00e3o Louren\u00e7o do Sul-RS, sempre com participa\u00e7\u00e3o de v\u00e1rios setores do governo e da sociedade.<\/p><p>Em 2025 ser\u00e1 realizado em Minas Gerais, tendo \u00e0 frente da organiza\u00e7\u00e3o a\u00a0<a href=\"https:\/\/www.epamig.br\/\" target=\"_blank\" rel=\"noopener\">EPAMIG<\/a>, a\u00a0<a href=\"https:\/\/www.embrapa.br\/hortalicas\" target=\"_blank\" rel=\"noopener\">Embrapa<\/a>\u00a0e a\u00a0<a href=\"https:\/\/www.emater.mg.gov.br\/\" target=\"_blank\" rel=\"noopener\">Emater-MG<\/a>. O tema escolhido para o 8\u00ba HortPANC &#8211; \u201cHortali\u00e7as PANC: das tradi\u00e7\u00f5es<br \/>populares ao conhecimento cient\u00edfico\u201d &#8211; visa valorizar o conhecimento das popula\u00e7\u00f5es tradicionais e divulgar as pesquisas realizadas no pa\u00eds nas Institui\u00e7\u00f5es de pesquisa, ensino e extens\u00e3o.<br \/>\u00c9 tamb\u00e9m um convite \u00e0 discuss\u00e3o das hortali\u00e7as PANC como plantas com grande potencial para assegurar a soberania e seguran\u00e7a alimentar e nutricional, especialmente frente \u00e0s emerg\u00eancias clim\u00e1ticas.<\/p><p>Ser\u00e3o dois dias de palestras e mesas redondas em Sete Lagoas, no audit\u00f3rio da Sede da\u00a0<a href=\"https:\/\/www.embrapa.br\/milho-e-sorgo\" target=\"_blank\" rel=\"noopener\">Embrapa Milho e Sorgo<\/a>, e um dia de campo em Prudente de Morais, na EPAMIG\/Campo Experimental Santa Rita. Palestrantes e moderadores de v\u00e1rias institui\u00e7\u00f5es do pa\u00eds e representantes de popula\u00e7\u00f5es tradicionais, incluindo ind\u00edgenas e quilombolas, est\u00e3o sendo convidados para debater o tema.<\/p>\t\t\t\t\t\t\t\t<\/div>\n\t\t\t\t<\/div>\n\t\t\t\t\t<\/div>\n\t\t\t\t<\/div>\n\t\t<div class=\"elementor-element elementor-element-8374d13 e-con-full e-flex e-con e-parent\" data-id=\"8374d13\" data-element_type=\"container\" data-e-type=\"container\" data-settings=\"{&quot;background_background&quot;:&quot;classic&quot;,&quot;jet_parallax_layout_list&quot;:[],&quot;_ha_eqh_enable&quot;:false}\">\n\t\t\t\t<div class=\"elementor-element elementor-element-be63253 ha-align-center ha-layout-block elementor-widget-mobile__width-inherit ha-layout-inline elementor-widget elementor-widget-ha-advanced-heading happy-addon ha-advanced-heading happy-addon-pro\" data-id=\"be63253\" data-element_type=\"widget\" data-e-type=\"widget\" data-widget_type=\"ha-advanced-heading.default\">\n\t\t\t\t\t\n\t\t<h2 class=\"ha-advanced-heading-tag\">\n\t\t\t\t\t\t<div class=\"ha-advanced-heading-wrap\" data-background-text=\"HortPANC\">\n\t\t\t\t<span class=\"ha-advanced-heading-before\">Desenvolvimento<\/span>\n\t\t\t\t<span class=\"ha-advanced-heading-center\">da<\/span>\n\t\t\t\t<span class=\"ha-advanced-heading-after\">logomarca<\/span>\n\t\t\t\t<span class=\"ha-advanced-heading-border\"><\/span>\n\t\t\t<\/div>\n\t\t\t\t\t<\/h2>\n\n\t\t\t\t\t\t<\/div>\n\t\t\t\t<\/div>\n\t\t<div class=\"elementor-element elementor-element-a99107e e-flex e-con-boxed e-con e-parent\" data-id=\"a99107e\" data-element_type=\"container\" data-e-type=\"container\" data-settings=\"{&quot;jet_parallax_layout_list&quot;:[],&quot;_ha_eqh_enable&quot;:false}\">\n\t\t\t\t\t<div class=\"e-con-inner\">\n\t\t\t\t<div class=\"elementor-element elementor-element-7a51bc8 elementor-widget-mobile__width-inherit elementor-widget elementor-widget-image\" data-id=\"7a51bc8\" data-element_type=\"widget\" data-e-type=\"widget\" data-widget_type=\"image.default\">\n\t\t\t\t\t\t\t\t\t\t\t\t\t\t\t<img fetchpriority=\"high\" decoding=\"async\" width=\"768\" height=\"511\" src=\"https:\/\/www.epamig.br\/hortpanc\/wp-content\/uploads\/2025\/01\/logo_hortpanc_2024_v1_vertical-768x511.png\" class=\"attachment-medium_large size-medium_large wp-image-11\" alt=\"\" srcset=\"https:\/\/www.epamig.br\/hortpanc\/wp-content\/uploads\/2025\/01\/logo_hortpanc_2024_v1_vertical-768x511.png.webp 768w, https:\/\/www.epamig.br\/hortpanc\/wp-content\/uploads\/2025\/01\/logo_hortpanc_2024_v1_vertical-300x200.png.webp 300w, https:\/\/www.epamig.br\/hortpanc\/wp-content\/uploads\/2025\/01\/logo_hortpanc_2024_v1_vertical-1024x682.png.webp 1024w, https:\/\/www.epamig.br\/hortpanc\/wp-content\/uploads\/2025\/01\/logo_hortpanc_2024_v1_vertical-1536x1023.png.webp 1536w, https:\/\/www.epamig.br\/hortpanc\/wp-content\/uploads\/2025\/01\/logo_hortpanc_2024_v1_vertical.png.webp 1574w\" sizes=\"(max-width: 768px) 100vw, 768px\" \/>\t\t\t\t\t\t\t\t\t\t\t\t\t\t\t<\/div>\n\t\t\t\t\t<\/div>\n\t\t\t\t<\/div>\n\t\t<div class=\"elementor-element elementor-element-3190128 e-flex e-con-boxed e-con e-parent\" data-id=\"3190128\" data-element_type=\"container\" data-e-type=\"container\" data-settings=\"{&quot;jet_parallax_layout_list&quot;:[],&quot;_ha_eqh_enable&quot;:false}\">\n\t\t\t\t\t<div class=\"e-con-inner\">\n\t\t\t\t<div class=\"elementor-element elementor-element-3d58013 elementor-widget elementor-widget-text-editor\" data-id=\"3d58013\" data-element_type=\"widget\" data-e-type=\"widget\" data-widget_type=\"text-editor.default\">\n\t\t\t\t\t\t\t\t\t<p>As plantas escolhidas para ilustrar a logo do 8\u00ba HortPANC s\u00e3o esp\u00e9cies de usos regionalizados, muito utilizadas na culin\u00e1ria de popula\u00e7\u00f5es tradicionais de Minas Gerais, estado em que o evento ocorrer\u00e1.<br \/>A taioba e o ora-pro-n\u00f3bis est\u00e3o presentes nos quintais mineiros e na culin\u00e1ria do dia-a-dia, exercendo influ\u00eancia na cultura alimentar de popula\u00e7\u00f5es tradicionais. O pequi enriquece a alimenta\u00e7\u00e3o nas cidades do interior onde \u00e9 coletado diretamente na natureza no per\u00edodo de produ\u00e7\u00e3o de frutos, al\u00e9m de ser fonte de renda para a popula\u00e7\u00e3o rural.<br \/>Essas plantas representam a rica diversidade de hortali\u00e7as PANC consumidas em Minas Gerais, refletindo sua import\u00e2ncia na cultura e na gastronomia mineira.<\/p>\t\t\t\t\t\t\t\t<\/div>\n\t\t\t\t\t<\/div>\n\t\t\t\t<\/div>\n\t\t<div class=\"elementor-element elementor-element-c47ccf9 e-flex e-con-boxed e-con e-parent\" data-id=\"c47ccf9\" data-element_type=\"container\" data-e-type=\"container\" data-settings=\"{&quot;jet_parallax_layout_list&quot;:[],&quot;_ha_eqh_enable&quot;:false}\">\n\t\t\t\t\t<div class=\"e-con-inner\">\n\t\t\t\t<div class=\"elementor-element elementor-element-dcd0cdc elementor-widget elementor-widget-ha-advanced-tabs happy-addon ha-advanced-tabs happy-addon-pro\" data-id=\"dcd0cdc\" data-element_type=\"widget\" data-e-type=\"widget\" data-widget_type=\"ha-advanced-tabs.default\">\n\t\t\t\t\t\t\t<div class=\"ha-tabs-dcd0cdc ha-tabs ha-tabs--nav-top ha-tabs--nav-x-left  ha-tabs--icon-top\" role=\"tablist\">\n\t\t\t<div class=\"ha-tabs__nav\">\n\t\t\t\t\t\t\t\t\t<div id=\"ha-tab-title-2311\" class=\"ha-tab__title ha-tab__title--desktop elementor-repeater-item-d418051\" data-tab=\"1\" role=\"tab\" aria-controls=\"ha-tab__content-2311\">\n\t\t\t\t\t\t\t\t\t\t\t\t<span class=\"ha-tab__title-text\">Ora-pro-n\u00f3bis<\/span><\/div>\n\t\t\t\t\t\t\t\t\t<div id=\"ha-tab-title-2312\" class=\"ha-tab__title ha-tab__title--desktop elementor-repeater-item-aa548a4\" data-tab=\"2\" role=\"tab\" aria-controls=\"ha-tab__content-2312\">\n\t\t\t\t\t\t\t\t\t\t\t\t<span class=\"ha-tab__title-text\">Taioba<\/span><\/div>\n\t\t\t\t\t\t\t\t\t<div id=\"ha-tab-title-2313\" class=\"ha-tab__title ha-tab__title--desktop elementor-repeater-item-c5189f6\" data-tab=\"3\" role=\"tab\" aria-controls=\"ha-tab__content-2313\">\n\t\t\t\t\t\t\t\t\t\t\t\t<span class=\"ha-tab__title-text\">Pequi<\/span><\/div>\n\t\t\t\t\t\t\t<\/div>\n\t\t\t<div class=\"ha-tabs__content\">\n\t\t\t\t\t\t\t\t\t<div class=\"ha-tab__title ha-tab__title--mobile elementor-repeater-item-d418051\" data-tab=\"1\" role=\"tab\">\n\t\t\t\t\t\t\t\t\t\t\t\t<span class=\"ha-tab__title-text\">Ora-pro-n\u00f3bis<\/span>\n\t\t\t\t\t<\/div>\n\t\t\t\t\t<div id=\"ha-tab-content-2311\" class=\"ha-tab__content ha-clearfix elementor-repeater-item-d418051\" data-tab=\"1\" role=\"tabpanel\" aria-labelledby=\"ha-tab-title-2311\">\n\t\t\t\t\t\t\t\t<div data-elementor-type=\"container\" data-elementor-id=\"2913\" class=\"elementor elementor-2913\" data-elementor-settings=\"{&quot;ha_cmc_init_switcher&quot;:&quot;no&quot;}\" data-elementor-post-type=\"elementor_library\">\n\t\t\t\t<div class=\"elementor-element elementor-element-436420f e-con-full e-flex e-con e-parent\" data-id=\"436420f\" data-element_type=\"container\" data-e-type=\"container\" data-settings=\"{&quot;jet_parallax_layout_list&quot;:[],&quot;_ha_eqh_enable&quot;:false}\">\n\t\t<div class=\"elementor-element elementor-element-160900d e-flex e-con-boxed e-con e-child\" data-id=\"160900d\" data-element_type=\"container\" data-e-type=\"container\" data-settings=\"{&quot;background_background&quot;:&quot;classic&quot;,&quot;jet_parallax_layout_list&quot;:[],&quot;_ha_eqh_enable&quot;:false}\">\n\t\t\t\t\t<div class=\"e-con-inner\">\n\t\t<div class=\"elementor-element elementor-element-3b9f532 e-con-full e-flex e-con e-child\" data-id=\"3b9f532\" data-element_type=\"container\" data-e-type=\"container\" data-settings=\"{&quot;jet_parallax_layout_list&quot;:[],&quot;_ha_eqh_enable&quot;:false}\">\n\t\t\t\t<div class=\"elementor-element elementor-element-cc66070 elementor-widget elementor-widget-heading\" data-id=\"cc66070\" data-element_type=\"widget\" data-e-type=\"widget\" data-widget_type=\"heading.default\">\n\t\t\t\t\t<h2 class=\"elementor-heading-title elementor-size-default\">Ora-pro-n\u00f3bis<\/h2>\t\t\t\t<\/div>\n\t\t\t\t<div class=\"elementor-element elementor-element-39319b9 elementor-widget elementor-widget-text-editor\" data-id=\"39319b9\" data-element_type=\"widget\" data-e-type=\"widget\" data-widget_type=\"text-editor.default\">\n\t\t\t\t\t\t\t\t\t<p>O ora-pro-n\u00f3bis \u00e9 da fam\u00edlia dos cactos \u2013 Cactaceae. \u00c9 uma planta perene que produz folhas praticamente o ano todo.<\/p><p>Em Minas Gerais ocorrem duas esp\u00e9cies: <em>Pereskia aculeata <\/em>e <em>Pereskia grandifolia<\/em><\/p>\t\t\t\t\t\t\t\t<\/div>\n\t\t<div class=\"elementor-element elementor-element-a45ed0a e-con-full e-flex e-con e-child\" data-id=\"a45ed0a\" data-element_type=\"container\" data-e-type=\"container\" data-settings=\"{&quot;jet_parallax_layout_list&quot;:[],&quot;_ha_eqh_enable&quot;:false}\">\n\t\t<div class=\"elementor-element elementor-element-12fc751 e-con-full e-flex e-con e-child\" data-id=\"12fc751\" data-element_type=\"container\" data-e-type=\"container\" data-settings=\"{&quot;jet_parallax_layout_list&quot;:[],&quot;_ha_eqh_enable&quot;:false}\">\n\t\t\t\t<div class=\"elementor-element elementor-element-9d2acc5 elementor-position-top elementor-widget elementor-widget-image-box\" data-id=\"9d2acc5\" data-element_type=\"widget\" data-e-type=\"widget\" data-widget_type=\"image-box.default\">\n\t\t\t\t\t<div class=\"elementor-image-box-wrapper\"><figure class=\"elementor-image-box-img\"><img decoding=\"async\" src=\"https:\/\/www.epamig.br\/hortpanc\/wp-content\/uploads\/elementor\/thumbs\/Planta-de-Pereskia-aculeata_Izabel-r15sdmp1tdphlkm1nbnu6akxhlc5v6bpb8u0ngm2hc.png\" title=\"Pereskia aculeata &#8211; foto B\" alt=\"Pereskia aculeata - Fotos de Izabel Cristina dos Santos\" loading=\"lazy\" \/><\/figure><div class=\"elementor-image-box-content\"><h3 class=\"elementor-image-box-title\">Pereskia aculeata<\/h3><\/div><\/div>\t\t\t\t<\/div>\n\t\t\t\t<\/div>\n\t\t<div class=\"elementor-element elementor-element-8822c40 e-con-full e-flex e-con e-child\" data-id=\"8822c40\" data-element_type=\"container\" data-e-type=\"container\" data-settings=\"{&quot;jet_parallax_layout_list&quot;:[],&quot;_ha_eqh_enable&quot;:false}\">\n\t\t\t\t<div class=\"elementor-element elementor-element-eeb26df elementor-position-top elementor-widget elementor-widget-image-box\" data-id=\"eeb26df\" data-element_type=\"widget\" data-e-type=\"widget\" data-widget_type=\"image-box.default\">\n\t\t\t\t\t<div class=\"elementor-image-box-wrapper\"><figure class=\"elementor-image-box-img\"><img decoding=\"async\" src=\"https:\/\/www.epamig.br\/hortpanc\/wp-content\/uploads\/elementor\/thumbs\/Planta-de-Pereskia-grandifolia_Izabel-r15sdsc2ydx7j8duqe3ll95p1wkd5cy3c0qxj4dpg0.png\" title=\"Pereskia grandifolia\" alt=\"Pereskia grandifolia - Fotos de Izabel Cristina dos Santos\" loading=\"lazy\" \/><\/figure><div class=\"elementor-image-box-content\"><h3 class=\"elementor-image-box-title\">Pereskia grandifolia<\/h3><\/div><\/div>\t\t\t\t<\/div>\n\t\t\t\t<\/div>\n\t\t\t\t<\/div>\n\t\t<div class=\"elementor-element elementor-element-52c0e06 e-con-full e-flex e-con e-child\" data-id=\"52c0e06\" data-element_type=\"container\" data-e-type=\"container\" data-settings=\"{&quot;jet_parallax_layout_list&quot;:[],&quot;_ha_eqh_enable&quot;:false}\">\n\t\t\t\t<div class=\"elementor-element elementor-element-d76b36d elementor-widget elementor-widget-text-editor\" data-id=\"d76b36d\" data-element_type=\"widget\" data-e-type=\"widget\" data-widget_type=\"text-editor.default\">\n\t\t\t\t\t\t\t\t\t<p>Autor das fotos: Izabel Cristina dos Santos<\/p>\t\t\t\t\t\t\t\t<\/div>\n\t\t\t\t<\/div>\n\t\t\t\t<div class=\"elementor-element elementor-element-d4033aa elementor-widget__width-inherit elementor-widget elementor-widget-text-editor\" data-id=\"d4033aa\" data-element_type=\"widget\" data-e-type=\"widget\" data-widget_type=\"text-editor.default\">\n\t\t\t\t\t\t\t\t\t<p><strong>ORA-PRO-N\u00d3BIS \u2013 <em>Pereskia aculeata <\/em>Mill.<\/strong><\/p>\t\t\t\t\t\t\t\t<\/div>\n\t\t\t\t<div class=\"elementor-element elementor-element-130d5c2 elementor-widget elementor-widget-text-editor\" data-id=\"130d5c2\" data-element_type=\"widget\" data-e-type=\"widget\" data-widget_type=\"text-editor.default\">\n\t\t\t\t\t\t\t\t\t<p>Nativo nas regi\u00f5es Nordeste, Sudeste e Sul do Brasil. Tem folhas simples, de cor verde escuro, sem pelos, textura carnosa, forma lanceolada, 3-8 cm de comprimento. Ramos longos, ramificados. Inicialmente se apoiam em qualquer suporte (escandentes), mas quando ficam muito compridos e pesados ficam pendentes.<\/p>\t\t\t\t\t\t\t\t<\/div>\n\t\t<div class=\"elementor-element elementor-element-1ad4d1b e-con-full e-flex e-con e-child\" data-id=\"1ad4d1b\" data-element_type=\"container\" data-e-type=\"container\" data-settings=\"{&quot;jet_parallax_layout_list&quot;:[],&quot;_ha_eqh_enable&quot;:false}\">\n\t\t<div class=\"elementor-element elementor-element-3c958a6 e-con-full e-flex e-con e-child\" data-id=\"3c958a6\" data-element_type=\"container\" data-e-type=\"container\" data-settings=\"{&quot;jet_parallax_layout_list&quot;:[],&quot;_ha_eqh_enable&quot;:false}\">\n\t\t<div class=\"elementor-element elementor-element-fa1451b e-con-full e-flex e-con e-child\" data-id=\"fa1451b\" data-element_type=\"container\" data-e-type=\"container\" data-settings=\"{&quot;jet_parallax_layout_list&quot;:[],&quot;_ha_eqh_enable&quot;:false}\">\n\t\t\t\t<div class=\"elementor-element elementor-element-289843d elementor-position-top elementor-widget elementor-widget-image-box\" data-id=\"289843d\" data-element_type=\"widget\" data-e-type=\"widget\" data-widget_type=\"image-box.default\">\n\t\t\t\t\t<div class=\"elementor-image-box-wrapper\"><figure class=\"elementor-image-box-img\"><img decoding=\"async\" src=\"https:\/\/www.epamig.br\/hortpanc\/wp-content\/uploads\/elementor\/thumbs\/Pereskia_aculeata_ramos_Izabel-r15sdf6capf70owyv8etmch8qid85lhum7m4t8x7v4.png\" title=\"Pereskia aculeata &#8211; foto A\" alt=\"Pereskia aculeata. A \u2013 Ramos colhidos - Fotos de Izabel Cristina dos Santos\" loading=\"lazy\" \/><\/figure><div class=\"elementor-image-box-content\"><h3 class=\"elementor-image-box-title\">Ora-pro-n\u00f3bis - Pereskia aculeata. A \u2013 Ramos colhidos. <\/h3><\/div><\/div>\t\t\t\t<\/div>\n\t\t\t\t<\/div>\n\t\t<div class=\"elementor-element elementor-element-70695b4 e-con-full e-flex e-con e-child\" data-id=\"70695b4\" data-element_type=\"container\" data-e-type=\"container\" data-settings=\"{&quot;jet_parallax_layout_list&quot;:[],&quot;_ha_eqh_enable&quot;:false}\">\n\t\t\t\t<div class=\"elementor-element elementor-element-b3aafbd elementor-position-top elementor-widget elementor-widget-image-box\" data-id=\"b3aafbd\" data-element_type=\"widget\" data-e-type=\"widget\" data-widget_type=\"image-box.default\">\n\t\t\t\t\t<div class=\"elementor-image-box-wrapper\"><figure class=\"elementor-image-box-img\"><img decoding=\"async\" src=\"https:\/\/www.epamig.br\/hortpanc\/wp-content\/uploads\/elementor\/thumbs\/Planta-de-Pereskia-aculeata_Izabel-r15sdmp1tdphlkm1nbnu6akxhlc5v6bpb8u0ngm2hc.png\" title=\"Pereskia aculeata &#8211; foto B\" alt=\"Pereskia aculeata - Fotos de Izabel Cristina dos Santos\" loading=\"lazy\" \/><\/figure><div class=\"elementor-image-box-content\"><h3 class=\"elementor-image-box-title\">Ora-pro-n\u00f3bis - Pereskia aculeata. B \u2013 Aspecto da planta. <\/h3><\/div><\/div>\t\t\t\t<\/div>\n\t\t\t\t<\/div>\n\t\t\t\t<\/div>\n\t\t<div class=\"elementor-element elementor-element-bc29a6f e-con-full e-flex e-con e-child\" data-id=\"bc29a6f\" data-element_type=\"container\" data-e-type=\"container\" data-settings=\"{&quot;jet_parallax_layout_list&quot;:[],&quot;_ha_eqh_enable&quot;:false}\">\n\t\t\t\t<div class=\"elementor-element elementor-element-be21f76 elementor-widget elementor-widget-text-editor\" data-id=\"be21f76\" data-element_type=\"widget\" data-e-type=\"widget\" data-widget_type=\"text-editor.default\">\n\t\t\t\t\t\t\t\t\t<p>Autor das fotos: Izabel C. dos Santos<\/p>\t\t\t\t\t\t\t\t<\/div>\n\t\t\t\t<\/div>\n\t\t\t\t<\/div>\n\t\t<div class=\"elementor-element elementor-element-cb03899 e-con-full e-flex e-con e-child\" data-id=\"cb03899\" data-element_type=\"container\" data-e-type=\"container\" data-settings=\"{&quot;jet_parallax_layout_list&quot;:[],&quot;_ha_eqh_enable&quot;:false}\">\n\t\t\t\t<div class=\"elementor-element elementor-element-d38cd54 elementor-widget elementor-widget-text-editor\" data-id=\"d38cd54\" data-element_type=\"widget\" data-e-type=\"widget\" data-widget_type=\"text-editor.default\">\n\t\t\t\t\t\t\t\t\tEm Minas Gerais floresce entre janeiro e fevereiro. O bot\u00e3o floral pode ser branco esverdeado a branco rosado. As p\u00e9talas s\u00e3o brancas ou creme. O miolo (estames) pode ser amarelo ou laranja. \t\t\t\t\t\t\t\t<\/div>\n\t\t<div class=\"elementor-element elementor-element-8701a93 e-con-full e-flex e-con e-child\" data-id=\"8701a93\" data-element_type=\"container\" data-e-type=\"container\" data-settings=\"{&quot;jet_parallax_layout_list&quot;:[],&quot;_ha_eqh_enable&quot;:false}\">\n\t\t<div class=\"elementor-element elementor-element-2ee7cef e-con-full e-flex e-con e-child\" data-id=\"2ee7cef\" data-element_type=\"container\" data-e-type=\"container\" data-settings=\"{&quot;jet_parallax_layout_list&quot;:[],&quot;_ha_eqh_enable&quot;:false}\">\n\t\t<div class=\"elementor-element elementor-element-0b7b674 e-con-full e-flex e-con e-child\" data-id=\"0b7b674\" data-element_type=\"container\" data-e-type=\"container\" data-settings=\"{&quot;jet_parallax_layout_list&quot;:[],&quot;_ha_eqh_enable&quot;:false}\">\n\t\t\t\t<div class=\"elementor-element elementor-element-0930c45 elementor-position-top elementor-widget elementor-widget-image-box\" data-id=\"0930c45\" data-element_type=\"widget\" data-e-type=\"widget\" data-widget_type=\"image-box.default\">\n\t\t\t\t\t<div class=\"elementor-image-box-wrapper\"><figure class=\"elementor-image-box-img\"><img decoding=\"async\" src=\"https:\/\/www.epamig.br\/hortpanc\/wp-content\/uploads\/elementor\/thumbs\/P_aculeata_Botoes_florais_Izabel-r15s3t9qfo9oc6vez2w44rrm4pq5gzcmmnjg7f63gw.png\" title=\"\" alt=\"Bot\u00f5es florais de ora-pro-n\u00f3bis\nPereskia aculeata Mill.\nFam\u00edlia Cactaceae\" loading=\"lazy\" \/><\/figure><div class=\"elementor-image-box-content\"><h3 class=\"elementor-image-box-title\">Ora-pro-n\u00f3bis. A - Bot\u00f5es florais<\/h3><\/div><\/div>\t\t\t\t<\/div>\n\t\t\t\t<\/div>\n\t\t<div class=\"elementor-element elementor-element-8cfddf1 e-con-full e-flex e-con e-child\" data-id=\"8cfddf1\" data-element_type=\"container\" data-e-type=\"container\" data-settings=\"{&quot;jet_parallax_layout_list&quot;:[],&quot;_ha_eqh_enable&quot;:false}\">\n\t\t\t\t<div class=\"elementor-element elementor-element-816dc00 elementor-position-top elementor-widget elementor-widget-image-box\" data-id=\"816dc00\" data-element_type=\"widget\" data-e-type=\"widget\" data-widget_type=\"image-box.default\">\n\t\t\t\t\t<div class=\"elementor-image-box-wrapper\"><figure class=\"elementor-image-box-img\"><img decoding=\"async\" src=\"https:\/\/www.epamig.br\/hortpanc\/wp-content\/uploads\/elementor\/thumbs\/Pereskia-aculeata_Flores_Izabel-r15sdixp21kcb4ri9a1bwbj341up0dwryq82qcrn68.png\" title=\"Pereskia-aculeata_Flores_Izabel\" alt=\"Pereskia-aculeata_Flores_Izabel\" loading=\"lazy\" \/><\/figure><div class=\"elementor-image-box-content\"><h3 class=\"elementor-image-box-title\">Ora-pro-n\u00f3bis. B \u2013 Flores<\/h3><\/div><\/div>\t\t\t\t<\/div>\n\t\t\t\t<\/div>\n\t\t<div class=\"elementor-element elementor-element-2b4b7a4 e-con-full e-flex e-con e-child\" data-id=\"2b4b7a4\" data-element_type=\"container\" data-e-type=\"container\" data-settings=\"{&quot;jet_parallax_layout_list&quot;:[],&quot;_ha_eqh_enable&quot;:false}\">\n\t\t\t\t<div class=\"elementor-element elementor-element-fa6eb7e elementor-position-top elementor-widget elementor-widget-image-box\" data-id=\"fa6eb7e\" data-element_type=\"widget\" data-e-type=\"widget\" data-widget_type=\"image-box.default\">\n\t\t\t\t\t<div class=\"elementor-image-box-wrapper\"><figure class=\"elementor-image-box-img\"><img decoding=\"async\" src=\"https:\/\/www.epamig.br\/hortpanc\/wp-content\/uploads\/elementor\/thumbs\/Pereskia_aculeata_Ramos_com_frutos_Izabel-r15sdbezjda1q92fh6sbcdfecyvrat2x9p06w52sk0.png\" title=\"Pereskia_aculeata_Ramos_com_frutos_Izabel\" alt=\"Pereskia_aculeata_Ramos_com_frutos_Izabel\" loading=\"lazy\" \/><\/figure><div class=\"elementor-image-box-content\"><h3 class=\"elementor-image-box-title\">Ora-pro-n\u00f3bis. C - Frutos<\/h3><\/div><\/div>\t\t\t\t<\/div>\n\t\t\t\t<\/div>\n\t\t\t\t<\/div>\n\t\t\t\t<\/div>\n\t\t\t\t<div class=\"elementor-element elementor-element-a8d98e6 elementor-widget elementor-widget-text-editor\" data-id=\"a8d98e6\" data-element_type=\"widget\" data-e-type=\"widget\" data-widget_type=\"text-editor.default\">\n\t\t\t\t\t\t\t\t\t<p>Autor das fotos: Izabel C. dos Santos<\/p>\t\t\t\t\t\t\t\t<\/div>\n\t\t\t\t<\/div>\n\t\t<div class=\"elementor-element elementor-element-4894143 e-con-full e-flex e-con e-child\" data-id=\"4894143\" data-element_type=\"container\" data-e-type=\"container\" data-settings=\"{&quot;jet_parallax_layout_list&quot;:[],&quot;_ha_eqh_enable&quot;:false}\">\n\t\t<div class=\"elementor-element elementor-element-01c471c e-con-full e-flex e-con e-child\" data-id=\"01c471c\" data-element_type=\"container\" data-e-type=\"container\" data-settings=\"{&quot;jet_parallax_layout_list&quot;:[],&quot;_ha_eqh_enable&quot;:false}\">\n\t\t<div class=\"elementor-element elementor-element-ac5407c e-con-full e-flex e-con e-child\" data-id=\"ac5407c\" data-element_type=\"container\" data-e-type=\"container\" data-settings=\"{&quot;jet_parallax_layout_list&quot;:[],&quot;_ha_eqh_enable&quot;:false}\">\n\t\t\t\t<div class=\"elementor-element elementor-element-7f0e07a elementor-position-top elementor-widget elementor-widget-image-box\" data-id=\"7f0e07a\" data-element_type=\"widget\" data-e-type=\"widget\" data-widget_type=\"image-box.default\">\n\t\t\t\t\t<div class=\"elementor-image-box-wrapper\"><figure class=\"elementor-image-box-img\"><img decoding=\"async\" src=\"https:\/\/www.epamig.br\/hortpanc\/wp-content\/uploads\/elementor\/thumbs\/Pereskia_aculeata_FRUTOS_Izabel-r15sd7nms14wft7w355t2edjzfeag0nzx6e8z18d8w.png\" title=\"Pereskia_aculeata_FRUTOS_Izabel\" alt=\"Pereskia_aculeata_FRUTOS_Izabel\" loading=\"lazy\" \/><\/figure><div class=\"elementor-image-box-content\"><h3 class=\"elementor-image-box-title\">Ora-pro-n\u00f3bis. A - Frutos inteiros<\/h3><\/div><\/div>\t\t\t\t<\/div>\n\t\t\t\t<\/div>\n\t\t<div class=\"elementor-element elementor-element-128abf8 e-con-full e-flex e-con e-child\" data-id=\"128abf8\" data-element_type=\"container\" data-e-type=\"container\" data-settings=\"{&quot;jet_parallax_layout_list&quot;:[],&quot;_ha_eqh_enable&quot;:false}\">\n\t\t\t\t<div class=\"elementor-element elementor-element-6225501 elementor-position-top elementor-widget elementor-widget-image-box\" data-id=\"6225501\" data-element_type=\"widget\" data-e-type=\"widget\" data-widget_type=\"image-box.default\">\n\t\t\t\t\t<div class=\"elementor-image-box-wrapper\"><figure class=\"elementor-image-box-img\"><img decoding=\"async\" src=\"https:\/\/www.epamig.br\/hortpanc\/wp-content\/uploads\/elementor\/thumbs\/Pereskia_aculeata_Fruto_SEMENTES_Izabel-r15sd2yftuygtrepul4o7xk90i1gdj5c8j4tknfc40.png\" title=\"Pereskia_aculeata_Fruto_SEMENTES_Izabel\" alt=\"Pereskia_aculeata_Fruto_SEMENTES_Izabel\" loading=\"lazy\" \/><\/figure><div class=\"elementor-image-box-content\"><h3 class=\"elementor-image-box-title\">Ora-pro-n\u00f3bis. B \u2013 Frutos partidos e sementes<\/h3><\/div><\/div>\t\t\t\t<\/div>\n\t\t\t\t<\/div>\n\t\t\t\t<\/div>\n\t\t\t\t<\/div>\n\t\t<div class=\"elementor-element elementor-element-b822c19 e-con-full e-flex e-con e-child\" data-id=\"b822c19\" data-element_type=\"container\" data-e-type=\"container\" data-settings=\"{&quot;jet_parallax_layout_list&quot;:[],&quot;_ha_eqh_enable&quot;:false}\">\n\t\t\t\t<div class=\"elementor-element elementor-element-b9ff44c elementor-widget elementor-widget-text-editor\" data-id=\"b9ff44c\" data-element_type=\"widget\" data-e-type=\"widget\" data-widget_type=\"text-editor.default\">\n\t\t\t\t\t\t\t\t\t<p>Autor das fotos: Izabel C. dos Santos<\/p>\t\t\t\t\t\t\t\t<\/div>\n\t\t\t\t<\/div>\n\t\t\t\t<div class=\"elementor-element elementor-element-5f2326b elementor-widget elementor-widget-text-editor\" data-id=\"5f2326b\" data-element_type=\"widget\" data-e-type=\"widget\" data-widget_type=\"text-editor.default\">\n\t\t\t\t\t\t\t\t\t<p>Al\u00e9m das nutritivas folhas, podem ser consumidas as p\u00e9talas das flores e o fruto maduro. Com o fruto podem ser preparados sorvete, geleia, molhos, etc.<br \/>O ora-pro-n\u00f3bis tem recebido imensa aten\u00e7\u00e3o da m\u00eddia e das ind\u00fastrias de alimentos naturais, que transformam suas folhas em p\u00f3, comercializado na forma de c\u00e1psulas. Mas \u00e9 nos tradicionais pratos da culin\u00e1ria mineira que seu sabor pode ser melhor apreciado.<\/p>\t\t\t\t\t\t\t\t<\/div>\n\t\t\t\t<\/div>\n\t\t\t\t\t<\/div>\n\t\t\t\t<\/div>\n\t\t\t\t<\/div>\n\t\t\t\t<\/div>\n\t\t\t\t\t\t\t<\/div>\n\t\t\t\t\t\t\t\t\t<div class=\"ha-tab__title ha-tab__title--mobile elementor-repeater-item-aa548a4\" data-tab=\"2\" role=\"tab\">\n\t\t\t\t\t\t\t\t\t\t\t\t<span class=\"ha-tab__title-text\">Taioba<\/span>\n\t\t\t\t\t<\/div>\n\t\t\t\t\t<div id=\"ha-tab-content-2312\" class=\"ha-tab__content ha-clearfix elementor-repeater-item-aa548a4\" data-tab=\"2\" role=\"tabpanel\" aria-labelledby=\"ha-tab-title-2312\">\n\t\t\t\t\t\t\t\t<div data-elementor-type=\"container\" data-elementor-id=\"3102\" class=\"elementor elementor-3102\" data-elementor-settings=\"{&quot;ha_cmc_init_switcher&quot;:&quot;no&quot;}\" data-elementor-post-type=\"elementor_library\">\n\t\t\t\t<div class=\"elementor-element elementor-element-436420f e-con-full e-flex e-con e-parent\" data-id=\"436420f\" data-element_type=\"container\" data-e-type=\"container\" data-settings=\"{&quot;jet_parallax_layout_list&quot;:[],&quot;_ha_eqh_enable&quot;:false}\">\n\t\t<div class=\"elementor-element elementor-element-160900d e-flex e-con-boxed e-con e-child\" data-id=\"160900d\" data-element_type=\"container\" data-e-type=\"container\" data-settings=\"{&quot;background_background&quot;:&quot;classic&quot;,&quot;jet_parallax_layout_list&quot;:[],&quot;_ha_eqh_enable&quot;:false}\">\n\t\t\t\t\t<div class=\"e-con-inner\">\n\t\t<div class=\"elementor-element elementor-element-3b9f532 e-con-full e-flex e-con e-child\" data-id=\"3b9f532\" data-element_type=\"container\" data-e-type=\"container\" data-settings=\"{&quot;jet_parallax_layout_list&quot;:[],&quot;_ha_eqh_enable&quot;:false}\">\n\t\t\t\t<div class=\"elementor-element elementor-element-cc66070 elementor-widget elementor-widget-heading\" data-id=\"cc66070\" data-element_type=\"widget\" data-e-type=\"widget\" data-widget_type=\"heading.default\">\n\t\t\t\t\t<h2 class=\"elementor-heading-title elementor-size-default\">Taioba<\/h2>\t\t\t\t<\/div>\n\t\t\t\t<div class=\"elementor-element elementor-element-39319b9 elementor-widget elementor-widget-text-editor\" data-id=\"39319b9\" data-element_type=\"widget\" data-e-type=\"widget\" data-widget_type=\"text-editor.default\">\n\t\t\t\t\t\t\t\t\t<p>As taiobas (Xanthosoma spp.) pertencem \u00e0\u00a0fam\u00edlia Araceae. S\u00e3o plantas tropicais perenes,\u00a0de f\u00e1cil cultivo, origin\u00e1rias da Am\u00e9rica do Sul,\u00a0mas cultivadas em v\u00e1rias regi\u00f5es do mundo.<\/p><p>A esp\u00e9cie nativa em Minas Gerais \u00e9 Xanthosoma\u00a0taioba, sendo ainda encontrada em muitos\u00a0quintais para consumo familiar. A planta tem at\u00e9\u00a01 metro de altura, com duas a 4 folhas.<\/p><p>A taioba tem folhas grandes (25-50 cm de comprimento x 18-35 cm de largura), de cor verde escuro na face adaxial (frente) e verde mais claro na face abaxial (verso). As nervuras t\u00eam cor mais clara e, no verso da folha s\u00e3o salientes. A ponta da folha aponta para baixo. A folha \u00e9 sagitada, o que quer dizer que a margem da folha \u00e9 recortada at\u00e9 o ponto de encontro com\u00a0o pec\u00edolo, popularmente chamado de \u201ctalo\u201d.<\/p>\t\t\t\t\t\t\t\t<\/div>\n\t\t<div class=\"elementor-element elementor-element-a45ed0a e-con-full e-flex e-con e-child\" data-id=\"a45ed0a\" data-element_type=\"container\" data-e-type=\"container\" data-settings=\"{&quot;jet_parallax_layout_list&quot;:[],&quot;_ha_eqh_enable&quot;:false}\">\n\t\t<div class=\"elementor-element elementor-element-12fc751 e-con-full e-flex e-con e-child\" data-id=\"12fc751\" data-element_type=\"container\" data-e-type=\"container\" data-settings=\"{&quot;jet_parallax_layout_list&quot;:[],&quot;_ha_eqh_enable&quot;:false}\">\n\t\t\t\t<div class=\"elementor-element elementor-element-b42119e elementor-position-top elementor-widget elementor-widget-image-box\" data-id=\"b42119e\" data-element_type=\"widget\" data-e-type=\"widget\" data-widget_type=\"image-box.default\">\n\t\t\t\t\t<div class=\"elementor-image-box-wrapper\"><figure class=\"elementor-image-box-img\"><img decoding=\"async\" src=\"https:\/\/www.epamig.br\/hortpanc\/wp-content\/uploads\/elementor\/thumbs\/taioba_panc_epamig-r1nrfut2uhqvc4g7qdps62s6pv2dsqs9ayf1t616og.png\" title=\"\" alt=\"Taioba\nXanthosoma sagittifolium (L.) Schott\nFam\u00edlia Araceae\" loading=\"lazy\" \/><\/figure><\/div>\t\t\t\t<\/div>\n\t\t\t\t<\/div>\n\t\t<div class=\"elementor-element elementor-element-8822c40 e-con-full e-flex e-con e-child\" data-id=\"8822c40\" data-element_type=\"container\" data-e-type=\"container\" data-settings=\"{&quot;jet_parallax_layout_list&quot;:[],&quot;_ha_eqh_enable&quot;:false}\">\n\t\t\t\t<div class=\"elementor-element elementor-element-9172617 elementor-position-top elementor-widget elementor-widget-image-box\" data-id=\"9172617\" data-element_type=\"widget\" data-e-type=\"widget\" data-widget_type=\"image-box.default\">\n\t\t\t\t\t<div class=\"elementor-image-box-wrapper\"><figure class=\"elementor-image-box-img\"><img decoding=\"async\" src=\"https:\/\/www.epamig.br\/hortpanc\/wp-content\/uploads\/elementor\/thumbs\/Taioba_FOLHA_Izabel-r1n5b8l6r78jt9kxf1ec03mqnxhobe9ps2etsz6o0g.jpg\" title=\"\" alt=\"Taioba\nXanthosoma sagittifolium (L.) Schott\nFam\u00edlia Araceae\" loading=\"lazy\" \/><\/figure><\/div>\t\t\t\t<\/div>\n\t\t\t\t<\/div>\n\t\t\t\t<\/div>\n\t\t<div class=\"elementor-element elementor-element-52c0e06 e-con-full e-flex e-con e-child\" data-id=\"52c0e06\" data-element_type=\"container\" data-e-type=\"container\" data-settings=\"{&quot;jet_parallax_layout_list&quot;:[],&quot;_ha_eqh_enable&quot;:false}\">\n\t\t\t\t<div class=\"elementor-element elementor-element-d76b36d elementor-widget elementor-widget-text-editor\" data-id=\"d76b36d\" data-element_type=\"widget\" data-e-type=\"widget\" data-widget_type=\"text-editor.default\">\n\t\t\t\t\t\t\t\t\t<p>Autor das fotos: Izabel Cristina dos Santos<\/p>\t\t\t\t\t\t\t\t<\/div>\n\t\t\t\t<\/div>\n\t\t<div class=\"elementor-element elementor-element-17b69e8 e-con-full e-flex e-con e-child\" data-id=\"17b69e8\" data-element_type=\"container\" data-e-type=\"container\" data-settings=\"{&quot;jet_parallax_layout_list&quot;:[],&quot;_ha_eqh_enable&quot;:false}\">\n\t\t<div class=\"elementor-element elementor-element-b828d4d e-con-full e-flex e-con e-child\" data-id=\"b828d4d\" data-element_type=\"container\" data-e-type=\"container\" data-settings=\"{&quot;jet_parallax_layout_list&quot;:[],&quot;_ha_eqh_enable&quot;:false}\">\n\t\t\t\t<div class=\"elementor-element elementor-element-a8d9e40 elementor-position-top elementor-widget elementor-widget-image-box\" data-id=\"a8d9e40\" data-element_type=\"widget\" data-e-type=\"widget\" data-widget_type=\"image-box.default\">\n\t\t\t\t\t<div class=\"elementor-image-box-wrapper\"><figure class=\"elementor-image-box-img\"><img decoding=\"async\" src=\"https:\/\/www.epamig.br\/hortpanc\/wp-content\/uploads\/elementor\/thumbs\/taioba_linha_ao_redor_da_folha_IZABEL-r2zrm1g7f29w5gvjlayon1lqhb9ph5s9akupo2fw28.jpg\" title=\"Taioba &#8211; Linha ao redor da folha\" alt=\"Taioba - Linha ao redor da folha\" loading=\"lazy\" \/><\/figure><\/div>\t\t\t\t<\/div>\n\t\t\t\t<\/div>\n\t\t<div class=\"elementor-element elementor-element-2775231 e-con-full e-flex e-con e-child\" data-id=\"2775231\" data-element_type=\"container\" data-e-type=\"container\" data-settings=\"{&quot;jet_parallax_layout_list&quot;:[],&quot;_ha_eqh_enable&quot;:false}\">\n\t\t\t\t<div class=\"elementor-element elementor-element-130d5c2 elementor-widget elementor-widget-text-editor\" data-id=\"130d5c2\" data-element_type=\"widget\" data-e-type=\"widget\" data-widget_type=\"text-editor.default\">\n\t\t\t\t\t\t\t\t\t<p>Na taioba, h\u00e1 uma linha que circunda toda a margem da folha.<\/p>\t\t\t\t\t\t\t\t<\/div>\n\t\t\t\t<div class=\"elementor-element elementor-element-1ea18b7 elementor-widget elementor-widget-text-editor\" data-id=\"1ea18b7\" data-element_type=\"widget\" data-e-type=\"widget\" data-widget_type=\"text-editor.default\">\n\t\t\t\t\t\t\t\t\t<p>Autor das fotos: Izabel Cristina dos Santos<\/p>\t\t\t\t\t\t\t\t<\/div>\n\t\t\t\t<\/div>\n\t\t\t\t<\/div>\n\t\t<div class=\"elementor-element elementor-element-1ad4d1b e-con-full e-flex e-con e-child\" data-id=\"1ad4d1b\" data-element_type=\"container\" data-e-type=\"container\" data-settings=\"{&quot;jet_parallax_layout_list&quot;:[],&quot;_ha_eqh_enable&quot;:false}\">\n\t\t<div class=\"elementor-element elementor-element-3c958a6 e-con-full e-flex e-con e-child\" data-id=\"3c958a6\" data-element_type=\"container\" data-e-type=\"container\" data-settings=\"{&quot;jet_parallax_layout_list&quot;:[],&quot;_ha_eqh_enable&quot;:false}\">\n\t\t<div class=\"elementor-element elementor-element-fc3e951 e-con-full e-flex e-con e-child\" data-id=\"fc3e951\" data-element_type=\"container\" data-e-type=\"container\" data-settings=\"{&quot;jet_parallax_layout_list&quot;:[],&quot;_ha_eqh_enable&quot;:false}\">\n\t\t\t\t<div class=\"elementor-element elementor-element-cc74f9b elementor-position-top elementor-widget elementor-widget-image-box\" data-id=\"cc74f9b\" data-element_type=\"widget\" data-e-type=\"widget\" data-widget_type=\"image-box.default\">\n\t\t\t\t\t<div class=\"elementor-image-box-wrapper\"><figure class=\"elementor-image-box-img\"><img decoding=\"async\" src=\"https:\/\/www.epamig.br\/hortpanc\/wp-content\/uploads\/elementor\/thumbs\/folhas_de_taioba_e_de_taro_B_face_abaxial-r1nrg47gqu3qk82k7hs1v0esnps1xptko8xwlxn8y8.png\" title=\"Folhas de taioba e de taro. B &#8211; Face abaxial (frente)\" alt=\"Folhas de taioba e de taro. B - Face abaxial (frente)\" loading=\"lazy\" \/><\/figure><\/div>\t\t\t\t<\/div>\n\t\t\t\t<div class=\"elementor-element elementor-element-983edb0 elementor-widget elementor-widget-text-editor\" data-id=\"983edb0\" data-element_type=\"widget\" data-e-type=\"widget\" data-widget_type=\"text-editor.default\">\n\t\t\t\t\t\t\t\t\t<p>Folhas de taro e de taioba.<\/p><p>A \u2013 Face adaxial (superior)<\/p>\t\t\t\t\t\t\t\t<\/div>\n\t\t\t\t<\/div>\n\t\t<div class=\"elementor-element elementor-element-a367aef e-con-full e-flex e-con e-child\" data-id=\"a367aef\" data-element_type=\"container\" data-e-type=\"container\" data-settings=\"{&quot;jet_parallax_layout_list&quot;:[],&quot;_ha_eqh_enable&quot;:false}\">\n\t\t\t\t<div class=\"elementor-element elementor-element-bddee4e elementor-position-top elementor-widget elementor-widget-image-box\" data-id=\"bddee4e\" data-element_type=\"widget\" data-e-type=\"widget\" data-widget_type=\"image-box.default\">\n\t\t\t\t\t<div class=\"elementor-image-box-wrapper\"><figure class=\"elementor-image-box-img\"><img decoding=\"async\" src=\"https:\/\/www.epamig.br\/hortpanc\/wp-content\/uploads\/elementor\/thumbs\/folhas_de_taioba_e_de_taro_A_face_adaxial-r1nrg0g3zhyl9s80tg5jl1cya6al2xenbqbyotstn4.png\" title=\"Folhas de taioba e de taro. A \u2013 Face adaxial (verso)\" alt=\"Folhas de taioba e de taro. A \u2013 Face adaxial (verso)\" loading=\"lazy\" \/><\/figure><\/div>\t\t\t\t<\/div>\n\t\t\t\t<div class=\"elementor-element elementor-element-cc91a7c elementor-widget elementor-widget-text-editor\" data-id=\"cc91a7c\" data-element_type=\"widget\" data-e-type=\"widget\" data-widget_type=\"text-editor.default\">\n\t\t\t\t\t\t\t\t\t<p>Folhas de taro e de taioba.<\/p><p>B \u2013 Face abaxial (inferior)<\/p>\t\t\t\t\t\t\t\t<\/div>\n\t\t\t\t<\/div>\n\t\t\t\t<div class=\"elementor-element elementor-element-cc851a8 elementor-widget__width-inherit elementor-widget elementor-widget-text-editor\" data-id=\"cc851a8\" data-element_type=\"widget\" data-e-type=\"widget\" data-widget_type=\"text-editor.default\">\n\t\t\t\t\t\t\t\t\t<p>Autor das fotos: Izabel C. dos Santos<\/p>\t\t\t\t\t\t\t\t<\/div>\n\t\t\t\t<\/div>\n\t\t<div class=\"elementor-element elementor-element-89fefb5 e-con-full e-flex e-con e-child\" data-id=\"89fefb5\" data-element_type=\"container\" data-e-type=\"container\" data-settings=\"{&quot;jet_parallax_layout_list&quot;:[],&quot;_ha_eqh_enable&quot;:false}\">\n\t\t<div class=\"elementor-element elementor-element-4273c15 e-con-full e-flex e-con e-child\" data-id=\"4273c15\" data-element_type=\"container\" data-e-type=\"container\" data-settings=\"{&quot;jet_parallax_layout_list&quot;:[],&quot;_ha_eqh_enable&quot;:false}\">\n\t\t\t\t<\/div>\n\t\t\t\t<\/div>\n\t\t\t\t<div class=\"elementor-element elementor-element-d38cd54 elementor-hidden-desktop elementor-hidden-tablet elementor-hidden-mobile elementor-widget elementor-widget-text-editor\" data-id=\"d38cd54\" data-element_type=\"widget\" data-e-type=\"widget\" data-widget_type=\"text-editor.default\">\n\t\t\t\t\t\t\t\t\t<p style=\"text-align: center;\">As folhas da taioba podem ser consumidas somente ap\u00f3s cozimento prolongado, o que deixa as folhas brilhantes e com textura sedosa.<\/p>\t\t\t\t\t\t\t\t<\/div>\n\t\t\t\t<div class=\"elementor-element elementor-element-be21f76 elementor-hidden-desktop elementor-hidden-tablet elementor-hidden-mobile elementor-widget elementor-widget-text-editor\" data-id=\"be21f76\" data-element_type=\"widget\" data-e-type=\"widget\" data-widget_type=\"text-editor.default\">\n\t\t\t\t\t\t\t\t\t<p>Autor das fotos: Izabel C. dos Santos<\/p>\t\t\t\t\t\t\t\t<\/div>\n\t\t\t\t<\/div>\n\t\t<div class=\"elementor-element elementor-element-cb03899 e-con-full e-flex e-con e-child\" data-id=\"cb03899\" data-element_type=\"container\" data-e-type=\"container\" data-settings=\"{&quot;jet_parallax_layout_list&quot;:[],&quot;_ha_eqh_enable&quot;:false}\">\n\t\t<div class=\"elementor-element elementor-element-196d53c e-con-full e-flex e-con e-child\" data-id=\"196d53c\" data-element_type=\"container\" data-e-type=\"container\" data-settings=\"{&quot;jet_parallax_layout_list&quot;:[],&quot;_ha_eqh_enable&quot;:false}\">\n\t\t<div class=\"elementor-element elementor-element-64a32f4 e-con-full e-flex e-con e-child\" data-id=\"64a32f4\" data-element_type=\"container\" data-e-type=\"container\" data-settings=\"{&quot;jet_parallax_layout_list&quot;:[],&quot;_ha_eqh_enable&quot;:false}\">\n\t\t<div class=\"elementor-element elementor-element-f5c7db1 e-con-full e-flex e-con e-child\" data-id=\"f5c7db1\" data-element_type=\"container\" data-e-type=\"container\" data-settings=\"{&quot;jet_parallax_layout_list&quot;:[],&quot;_ha_eqh_enable&quot;:false}\">\n\t\t\t\t<div class=\"elementor-element elementor-element-956db00 elementor-position-top elementor-widget elementor-widget-image-box\" data-id=\"956db00\" data-element_type=\"widget\" data-e-type=\"widget\" data-widget_type=\"image-box.default\">\n\t\t\t\t\t<div class=\"elementor-image-box-wrapper\"><figure class=\"elementor-image-box-img\"><img decoding=\"async\" src=\"https:\/\/www.epamig.br\/hortpanc\/wp-content\/uploads\/elementor\/thumbs\/taioba_panc_galeria-r1nrgasc2ocqtht052mfugr0tevmfljp15iayvdhqo.png\" title=\"\" alt=\"Taioba\nXanthosoma sagittifolium (L.) Schott\nFam\u00edlia Araceae\" loading=\"lazy\" \/><\/figure><\/div>\t\t\t\t<\/div>\n\t\t\t\t<\/div>\n\t\t<div class=\"elementor-element elementor-element-046322c e-con-full e-flex e-con e-child\" data-id=\"046322c\" data-element_type=\"container\" data-e-type=\"container\" data-settings=\"{&quot;jet_parallax_layout_list&quot;:[],&quot;_ha_eqh_enable&quot;:false}\">\n\t\t\t\t<div class=\"elementor-element elementor-element-db1f9a9 elementor-position-top elementor-widget elementor-widget-image-box\" data-id=\"db1f9a9\" data-element_type=\"widget\" data-e-type=\"widget\" data-widget_type=\"image-box.default\">\n\t\t\t\t\t<div class=\"elementor-image-box-wrapper\"><figure class=\"elementor-image-box-img\"><img decoding=\"async\" src=\"https:\/\/www.epamig.br\/hortpanc\/wp-content\/uploads\/elementor\/thumbs\/Taioba_Talos_Verso_folha_Izabel-r1n5bsbsqpzkl2s97rxhygnf50sdt1g2us40vsdeds.jpg\" title=\"Taioba &#8211; talos verso da folha\" alt=\"Taioba - talos verso da folha\" loading=\"lazy\" \/><\/figure><\/div>\t\t\t\t<\/div>\n\t\t\t\t<\/div>\n\t\t<div class=\"elementor-element elementor-element-862668b e-con-full e-flex e-con e-child\" data-id=\"862668b\" data-element_type=\"container\" data-e-type=\"container\" data-settings=\"{&quot;jet_parallax_layout_list&quot;:[],&quot;_ha_eqh_enable&quot;:false}\">\n\t\t\t\t<div class=\"elementor-element elementor-element-3fd0c8c elementor-position-top elementor-widget elementor-widget-image-box\" data-id=\"3fd0c8c\" data-element_type=\"widget\" data-e-type=\"widget\" data-widget_type=\"image-box.default\">\n\t\t\t\t\t<div class=\"elementor-image-box-wrapper\"><figure class=\"elementor-image-box-img\"><img decoding=\"async\" src=\"https:\/\/www.epamig.br\/hortpanc\/wp-content\/uploads\/elementor\/thumbs\/Talos_de_taioba_cozidos_Izabel-r1n5bkt381pa0736fooheijqdxtg3gm85qw51kojrk.jpg\" title=\"Talos da taiba cozidos\" alt=\"Talos da taiba cozidos\" loading=\"lazy\" \/><\/figure><\/div>\t\t\t\t<\/div>\n\t\t\t\t<\/div>\n\t\t\t\t<\/div>\n\t\t\t\t<div class=\"elementor-element elementor-element-953c6e5 elementor-widget elementor-widget-text-editor\" data-id=\"953c6e5\" data-element_type=\"widget\" data-e-type=\"widget\" data-widget_type=\"text-editor.default\">\n\t\t\t\t\t\t\t\t\tO pec\u00edolo da folha (talo) tem 25 a 65 cm de comprimento; \u00e9 verde e coberto por cera branca.\nO pec\u00edolo tamb\u00e9m \u00e9 comest\u00edvel. Deve ser descascado e cozido (junto com as folhas ou\nseparado).\t\t\t\t\t\t\t\t<\/div>\n\t\t\t\t<\/div>\n\t\t\t\t<div class=\"elementor-element elementor-element-a8d98e6 elementor-widget elementor-widget-text-editor\" data-id=\"a8d98e6\" data-element_type=\"widget\" data-e-type=\"widget\" data-widget_type=\"text-editor.default\">\n\t\t\t\t\t\t\t\t\t<p>Autor das fotos: Izabel C. dos Santos<\/p>\t\t\t\t\t\t\t\t<\/div>\n\t\t\t\t<\/div>\n\t\t<div class=\"elementor-element elementor-element-4894143 e-con-full e-flex e-con e-child\" data-id=\"4894143\" data-element_type=\"container\" data-e-type=\"container\" data-settings=\"{&quot;jet_parallax_layout_list&quot;:[],&quot;_ha_eqh_enable&quot;:false}\">\n\t\t\t\t<div class=\"elementor-element elementor-element-5108aed elementor-widget elementor-widget-text-editor\" data-id=\"5108aed\" data-element_type=\"widget\" data-e-type=\"widget\" data-widget_type=\"text-editor.default\">\n\t\t\t\t\t\t\t\t\t<p>Em restaurantes de cidades hist\u00f3ricas, de grande apelo tur\u00edstico, \u00e9 ingrediente indispens\u00e1vel em pratos tradicionais ou na gastronomia gourmet.<\/p><p>As folhas da taioba cozidas t\u00eam alta digestibilidade, fornecem poucas calorias e \u00e9 fonte de vitaminas (A e C) e minerais (f\u00f3sforo, pot\u00e1ssio, magn\u00e9sio, c\u00e1lcio, ferro,<br \/>mangan\u00eas, boro, cobre).<\/p><p>Em Minas Gerais uma outra planta da fam\u00edlia Araceae tem sido chamada de\u00a0taioba-branca (em outras regi\u00f5es de taioba-de-alegre, couve-chinesa), mas as folhas\u00a0s\u00e3o muito diferentes. Neste caso a folha \u00e9 peltada (a fenda no alto da folha n\u00e3o chega\u00a0at\u00e9 o pec\u00edolo) e a cor da folha \u00e9 verde-claro. A folha pode ficar muito grande, de onde\u00a0vem um dos nomes populares: orelha-de-elefante. A folha da foto mediu 100 cm de\u00a0comprimento (A) e 77 na parte mais larga (B).<\/p>\t\t\t\t\t\t\t\t<\/div>\n\t\t<div class=\"elementor-element elementor-element-01c471c e-con-full e-flex e-con e-child\" data-id=\"01c471c\" data-element_type=\"container\" data-e-type=\"container\" data-settings=\"{&quot;jet_parallax_layout_list&quot;:[],&quot;_ha_eqh_enable&quot;:false}\">\n\t\t<div class=\"elementor-element elementor-element-ac5407c e-con-full e-flex e-con e-child\" data-id=\"ac5407c\" data-element_type=\"container\" data-e-type=\"container\" data-settings=\"{&quot;jet_parallax_layout_list&quot;:[],&quot;_ha_eqh_enable&quot;:false}\">\n\t\t\t\t<div class=\"elementor-element elementor-element-7f0e07a elementor-position-top elementor-widget elementor-widget-image-box\" data-id=\"7f0e07a\" data-element_type=\"widget\" data-e-type=\"widget\" data-widget_type=\"image-box.default\">\n\t\t\t\t\t<div class=\"elementor-image-box-wrapper\"><figure class=\"elementor-image-box-img\"><img decoding=\"async\" src=\"https:\/\/www.epamig.br\/hortpanc\/wp-content\/uploads\/elementor\/thumbs\/Couve_asiatica_Comprimento_Izabel-r1n5bywo2k8kucip5crvxwznapvyax677oof8q3n68.jpg\" title=\"Couve asi\u00e1tica &#8211; comprimento\" alt=\"Couve asi\u00e1tica - comprimento\" loading=\"lazy\" \/><\/figure><\/div>\t\t\t\t<\/div>\n\t\t\t\t<div class=\"elementor-element elementor-element-155f1d9 elementor-widget elementor-widget-text-editor\" data-id=\"155f1d9\" data-element_type=\"widget\" data-e-type=\"widget\" data-widget_type=\"text-editor.default\">\n\t\t\t\t\t\t\t\t\t<p>Taioba-de-alegre, taioba-branca, couve-chinesa (Leucocasia gigantea) &#8211; Comprimento (A)<\/p>\t\t\t\t\t\t\t\t<\/div>\n\t\t\t\t<\/div>\n\t\t<div class=\"elementor-element elementor-element-128abf8 e-con-full e-flex e-con e-child\" data-id=\"128abf8\" data-element_type=\"container\" data-e-type=\"container\" data-settings=\"{&quot;jet_parallax_layout_list&quot;:[],&quot;_ha_eqh_enable&quot;:false}\">\n\t\t\t\t<div class=\"elementor-element elementor-element-6225501 elementor-position-top elementor-widget elementor-widget-image-box\" data-id=\"6225501\" data-element_type=\"widget\" data-e-type=\"widget\" data-widget_type=\"image-box.default\">\n\t\t\t\t\t<div class=\"elementor-image-box-wrapper\"><figure class=\"elementor-image-box-img\"><img decoding=\"async\" src=\"https:\/\/www.epamig.br\/hortpanc\/wp-content\/uploads\/elementor\/thumbs\/Couve_asiatica_FOLHA_largura_Izabel-r1n5cc2eq8qlcvzl0ignwto3m433aomfxht7ylk4r4.jpg\" title=\"Couve asi\u00e1tica &#8211; largura\" alt=\"Couve asi\u00e1tica - largura\" loading=\"lazy\" \/><\/figure><\/div>\t\t\t\t<\/div>\n\t\t\t\t<div class=\"elementor-element elementor-element-06074c9 elementor-widget elementor-widget-text-editor\" data-id=\"06074c9\" data-element_type=\"widget\" data-e-type=\"widget\" data-widget_type=\"text-editor.default\">\n\t\t\t\t\t\t\t\t\t<p>Taioba-de-alegre, taioba-branca, couve-chinesa (Leucocasia gigantea) &#8211; largura (B) da folha.<\/p>\t\t\t\t\t\t\t\t<\/div>\n\t\t\t\t<\/div>\n\t\t\t\t<\/div>\n\t\t\t\t<div class=\"elementor-element elementor-element-b9ff44c elementor-widget elementor-widget-text-editor\" data-id=\"b9ff44c\" data-element_type=\"widget\" data-e-type=\"widget\" data-widget_type=\"text-editor.default\">\n\t\t\t\t\t\t\t\t\t<p>Autor das fotos: Izabel C. dos Santos<\/p>\t\t\t\t\t\t\t\t<\/div>\n\t\t\t\t<\/div>\n\t\t\t\t<\/div>\n\t\t\t\t\t<\/div>\n\t\t\t\t<\/div>\n\t\t\t\t<\/div>\n\t\t\t\t<\/div>\n\t\t\t\t\t\t\t<\/div>\n\t\t\t\t\t\t\t\t\t<div class=\"ha-tab__title ha-tab__title--mobile elementor-repeater-item-c5189f6\" data-tab=\"3\" role=\"tab\">\n\t\t\t\t\t\t\t\t\t\t\t\t<span class=\"ha-tab__title-text\">Pequi<\/span>\n\t\t\t\t\t<\/div>\n\t\t\t\t\t<div id=\"ha-tab-content-2313\" class=\"ha-tab__content ha-clearfix elementor-repeater-item-c5189f6\" data-tab=\"3\" role=\"tabpanel\" aria-labelledby=\"ha-tab-title-2313\">\n\t\t\t\t\t\t\t\t<div data-elementor-type=\"container\" data-elementor-id=\"3275\" class=\"elementor elementor-3275\" data-elementor-settings=\"{&quot;ha_cmc_init_switcher&quot;:&quot;no&quot;}\" data-elementor-post-type=\"elementor_library\">\n\t\t\t\t<div class=\"elementor-element elementor-element-436420f e-con-full e-flex e-con e-parent\" data-id=\"436420f\" data-element_type=\"container\" data-e-type=\"container\" data-settings=\"{&quot;jet_parallax_layout_list&quot;:[],&quot;_ha_eqh_enable&quot;:false}\">\n\t\t<div class=\"elementor-element elementor-element-160900d e-flex e-con-boxed e-con e-child\" data-id=\"160900d\" data-element_type=\"container\" data-e-type=\"container\" data-settings=\"{&quot;background_background&quot;:&quot;classic&quot;,&quot;jet_parallax_layout_list&quot;:[],&quot;_ha_eqh_enable&quot;:false}\">\n\t\t\t\t\t<div class=\"e-con-inner\">\n\t\t<div class=\"elementor-element elementor-element-3b9f532 e-con-full e-flex e-con e-child\" data-id=\"3b9f532\" data-element_type=\"container\" data-e-type=\"container\" data-settings=\"{&quot;jet_parallax_layout_list&quot;:[],&quot;_ha_eqh_enable&quot;:false}\">\n\t\t\t\t<div class=\"elementor-element elementor-element-cc66070 elementor-widget elementor-widget-heading\" data-id=\"cc66070\" data-element_type=\"widget\" data-e-type=\"widget\" data-widget_type=\"heading.default\">\n\t\t\t\t\t<h2 class=\"elementor-heading-title elementor-size-default\">Pequi<\/h2>\t\t\t\t<\/div>\n\t\t\t\t<div class=\"elementor-element elementor-element-39319b9 elementor-widget elementor-widget-text-editor\" data-id=\"39319b9\" data-element_type=\"widget\" data-e-type=\"widget\" data-widget_type=\"text-editor.default\">\n\t\t\t\t\t\t\t\t\t<p>O pequi (<em>Caryocar brasilieneis Cambess<\/em>) \u00e9 uma \u00e1rvore t\u00edpica do Cerrado brasileiro, regi\u00e3o de grande import\u00e2ncia ecol\u00f3gica e cultural.<\/p>\t\t\t\t\t\t\t\t<\/div>\n\t\t<div class=\"elementor-element elementor-element-a45ed0a e-con-full e-flex e-con e-child\" data-id=\"a45ed0a\" data-element_type=\"container\" data-e-type=\"container\" data-settings=\"{&quot;jet_parallax_layout_list&quot;:[],&quot;_ha_eqh_enable&quot;:false}\">\n\t\t<div class=\"elementor-element elementor-element-12fc751 e-con-full e-flex e-con e-child\" data-id=\"12fc751\" data-element_type=\"container\" data-e-type=\"container\" data-settings=\"{&quot;jet_parallax_layout_list&quot;:[],&quot;_ha_eqh_enable&quot;:false}\">\n\t\t\t\t<div class=\"elementor-element elementor-element-b42119e elementor-position-top elementor-widget elementor-widget-image-box\" data-id=\"b42119e\" data-element_type=\"widget\" data-e-type=\"widget\" data-widget_type=\"image-box.default\">\n\t\t\t\t\t<div class=\"elementor-image-box-wrapper\"><figure class=\"elementor-image-box-img\"><img decoding=\"async\" src=\"https:\/\/www.epamig.br\/hortpanc\/wp-content\/uploads\/elementor\/thumbs\/pequi1-r0tgu9tneplknc38sug5h3mvt8esi40t05vfzlkmxc.png\" title=\"Pequi\" alt=\"Fotos de Juliana M. Oliveira\" loading=\"lazy\" \/><\/figure><\/div>\t\t\t\t<\/div>\n\t\t\t\t<\/div>\n\t\t<div class=\"elementor-element elementor-element-fefcc12 e-con-full e-flex e-con e-child\" data-id=\"fefcc12\" data-element_type=\"container\" data-e-type=\"container\" data-settings=\"{&quot;jet_parallax_layout_list&quot;:[],&quot;_ha_eqh_enable&quot;:false}\">\n\t\t\t\t<div class=\"elementor-element elementor-element-0288d52 elementor-position-top elementor-widget elementor-widget-image-box\" data-id=\"0288d52\" data-element_type=\"widget\" data-e-type=\"widget\" data-widget_type=\"image-box.default\">\n\t\t\t\t\t<div class=\"elementor-image-box-wrapper\"><figure class=\"elementor-image-box-img\"><img decoding=\"async\" src=\"https:\/\/www.epamig.br\/hortpanc\/wp-content\/uploads\/elementor\/thumbs\/pequi2-r0tgubpbsdo5ak0ihv9em35t005ixi89of6ey5hukw.png\" title=\"Pequi\" alt=\"Fotos de Juliana M. Oliveira\" loading=\"lazy\" \/><\/figure><\/div>\t\t\t\t<\/div>\n\t\t\t\t<\/div>\n\t\t<div class=\"elementor-element elementor-element-8822c40 e-con-full e-flex e-con e-child\" data-id=\"8822c40\" data-element_type=\"container\" data-e-type=\"container\" data-settings=\"{&quot;jet_parallax_layout_list&quot;:[],&quot;_ha_eqh_enable&quot;:false}\">\n\t\t\t\t<div class=\"elementor-element elementor-element-9172617 elementor-position-top elementor-widget elementor-widget-image-box\" data-id=\"9172617\" data-element_type=\"widget\" data-e-type=\"widget\" data-widget_type=\"image-box.default\">\n\t\t\t\t\t<div class=\"elementor-image-box-wrapper\"><figure class=\"elementor-image-box-img\"><img decoding=\"async\" src=\"https:\/\/www.epamig.br\/hortpanc\/wp-content\/uploads\/elementor\/thumbs\/pequi3-1-r0tk6vi6agp0a6wpkh5ww60znzz741sz9377oor6kw.png\" title=\"Pequi\" alt=\"Fotos de Juliana M. Oliveira\" loading=\"lazy\" \/><\/figure><\/div>\t\t\t\t<\/div>\n\t\t\t\t<\/div>\n\t\t\t\t<\/div>\n\t\t<div class=\"elementor-element elementor-element-52c0e06 e-con-full e-flex e-con e-child\" data-id=\"52c0e06\" data-element_type=\"container\" data-e-type=\"container\" data-settings=\"{&quot;jet_parallax_layout_list&quot;:[],&quot;_ha_eqh_enable&quot;:false}\">\n\t\t\t\t<div class=\"elementor-element elementor-element-d76b36d elementor-widget elementor-widget-text-editor\" data-id=\"d76b36d\" data-element_type=\"widget\" data-e-type=\"widget\" data-widget_type=\"text-editor.default\">\n\t\t\t\t\t\t\t\t\t<p>Autor das fotos: Maria Geralda Vilela Rodrigues<\/p>\t\t\t\t\t\t\t\t<\/div>\n\t\t\t\t<\/div>\n\t\t<div class=\"elementor-element elementor-element-17b69e8 e-con-full e-flex e-con e-child\" data-id=\"17b69e8\" data-element_type=\"container\" data-e-type=\"container\" data-settings=\"{&quot;jet_parallax_layout_list&quot;:[],&quot;_ha_eqh_enable&quot;:false}\">\n\t\t\t\t<div class=\"elementor-element elementor-element-130d5c2 elementor-widget elementor-widget-text-editor\" data-id=\"130d5c2\" data-element_type=\"widget\" data-e-type=\"widget\" data-widget_type=\"text-editor.default\">\n\t\t\t\t\t\t\t\t\t<p>Conhecido tamb\u00e9m por piqui e pequi\u00e1, o fruto possui caro\u00e7os protegidos por espinhos e uma am\u00eandoa comest\u00edvel. Seu nome vem do tupi \u201cpyqui\u201d, que significa &#8220;pele com espinho&#8221;. O sabor da polpa que envolve o caro\u00e7o \u00e9 peculiar e o aroma forte, o que agrada muitos, mas desagrada outros tantos.<\/p>\t\t\t\t\t\t\t\t<\/div>\n\t\t\t\t<div class=\"elementor-element elementor-element-a8d9e40 elementor-position-top elementor-widget elementor-widget-image-box\" data-id=\"a8d9e40\" data-element_type=\"widget\" data-e-type=\"widget\" data-widget_type=\"image-box.default\">\n\t\t\t\t\t<div class=\"elementor-image-box-wrapper\"><figure class=\"elementor-image-box-img\"><img decoding=\"async\" src=\"https:\/\/www.epamig.br\/hortpanc\/wp-content\/uploads\/elementor\/thumbs\/pequi_fruto_aberto_vinicius_correia-r1zxwll9hvvcpm88wx8rgcodpc2lqq4h66nnzru32o.jpg\" title=\"Pequi fruto aberto\" alt=\"Pequi fruto aberto\" loading=\"lazy\" \/><\/figure><\/div>\t\t\t\t<\/div>\n\t\t\t\t<div class=\"elementor-element elementor-element-1ea18b7 elementor-widget elementor-widget-text-editor\" data-id=\"1ea18b7\" data-element_type=\"widget\" data-e-type=\"widget\" data-widget_type=\"text-editor.default\">\n\t\t\t\t\t\t\t\t\t<p>Autor das fotos: <span style=\"font-weight: 400;\">Vin\u00edcius Tadeu da Veiga Correia<\/span><\/p>\t\t\t\t\t\t\t\t<\/div>\n\t\t\t\t<\/div>\n\t\t<div class=\"elementor-element elementor-element-4894143 e-con-full e-flex e-con e-child\" data-id=\"4894143\" data-element_type=\"container\" data-e-type=\"container\" data-settings=\"{&quot;jet_parallax_layout_list&quot;:[],&quot;_ha_eqh_enable&quot;:false}\">\n\t\t\t\t<div class=\"elementor-element elementor-element-5108aed elementor-widget elementor-widget-text-editor\" data-id=\"5108aed\" data-element_type=\"widget\" data-e-type=\"widget\" data-widget_type=\"text-editor.default\">\n\t\t\t\t\t\t\t\t\t<p>Na culin\u00e1ria mineira o caro\u00e7o do pequi faz parte do tradicional prato \u201cArroz com pequi\u201d, mas tamb\u00e9m pode ser adicionado ao frango e ao feij\u00e3o, ou utilizado para preparar licor, conservas, doces, sorvetes e para extrair o \u00f3leo de pequi, usado para fazer o arroz com sabor de pequi depois que a safra termina.<\/p><p>Al\u00e9m da sua import\u00e2ncia na culin\u00e1ria mineira, tamb\u00e9m tem grande import\u00e2ncia na economia de popula\u00e7\u00f5es agroextrativistas nas regi\u00f5es do Cerrado brasileiro. Muitos agricultores complementam sua renda atrav\u00e9s da coleta e comercializa\u00e7\u00e3o do pequi.<br \/>Devido \u00e0 grande import\u00e2ncia do pequizeiro e do bioma Cerrado, em 2025 foi sancionada a Lei 15.089, que cria a Pol\u00edtica Nacional para o Manejo Sustent\u00e1vel, Plantio, Extra\u00e7\u00e3o, Consumo, Comercializa\u00e7\u00e3o e Transforma\u00e7\u00e3o do Pequi e de outros frutos e produtos nativos do Cerrado.<\/p><p>A derrubada do pequizeiro \u00e9 proibida, salvo em situa\u00e7\u00f5es especificadas na Lei 15.089, que tamb\u00e9m promove o reflorestamento, o manejo adequado das \u00e1rvores e a cria\u00e7\u00e3o de um selo para identificar a proced\u00eancia e a qualidade dos produtos do Cerrado.<\/p>\t\t\t\t\t\t\t\t<\/div>\n\t\t\t\t<\/div>\n\t\t\t\t<\/div>\n\t\t\t\t\t<\/div>\n\t\t\t\t<\/div>\n\t\t\t\t<\/div>\n\t\t\t\t<\/div>\n\t\t\t\t\t\t\t<\/div>\n\t\t\t\t\t\t\t<\/div>\n\t\t<\/div>\n\t\t\t\t\t\t<\/div>\n\t\t\t\t\t<\/div>\n\t\t\t\t<\/div>\n\t\t\t\t<\/div>\n\t\t","protected":false},"excerpt":{"rendered":"<p>Sobre o Encontro Nacional de Hortali\u00e7as N\u00e3o Convencionais (HortPANC) O HortPANC &#8211; Encontro Nacional de Hortali\u00e7as N\u00e3o Convencionais \u2013 \u00e9 um evento nacional, itinerante, idealizado para reunir pessoas das v\u00e1rias \u00e1reas do conhecimento para discutir temas relacionados \u00e0s hortali\u00e7as PANC e seu papel na soberania e seguran\u00e7a alimentar e nutricional. O 1\u00ba HortPANC foi realizado [&hellip;]<\/p>\n","protected":false},"author":1,"featured_media":0,"parent":0,"menu_order":0,"comment_status":"closed","ping_status":"closed","template":"elementor_header_footer","meta":{"footnotes":""},"class_list":["post-1656","page","type-page","status-publish","hentry"],"_links":{"self":[{"href":"https:\/\/www.epamig.br\/hortpanc\/wp-json\/wp\/v2\/pages\/1656","targetHints":{"allow":["GET"]}}],"collection":[{"href":"https:\/\/www.epamig.br\/hortpanc\/wp-json\/wp\/v2\/pages"}],"about":[{"href":"https:\/\/www.epamig.br\/hortpanc\/wp-json\/wp\/v2\/types\/page"}],"author":[{"embeddable":true,"href":"https:\/\/www.epamig.br\/hortpanc\/wp-json\/wp\/v2\/users\/1"}],"replies":[{"embeddable":true,"href":"https:\/\/www.epamig.br\/hortpanc\/wp-json\/wp\/v2\/comments?post=1656"}],"version-history":[{"count":0,"href":"https:\/\/www.epamig.br\/hortpanc\/wp-json\/wp\/v2\/pages\/1656\/revisions"}],"wp:attachment":[{"href":"https:\/\/www.epamig.br\/hortpanc\/wp-json\/wp\/v2\/media?parent=1656"}],"curies":[{"name":"wp","href":"https:\/\/api.w.org\/{rel}","templated":true}]}}